{"id":704,"date":"2022-09-12T18:45:20","date_gmt":"2022-09-12T16:45:20","guid":{"rendered":"https:\/\/www.dansloeildusilo.fr\/?post_type=tribe_events&#038;p=704"},"modified":"2022-11-09T17:27:07","modified_gmt":"2022-11-09T16:27:07","slug":"scene-ouverte-2","status":"publish","type":"tribe_events","link":"https:\/\/www.dansloeildusilo.fr\/index.php\/event\/scene-ouverte-2\/","title":{"rendered":"SCENE OUVERTE"},"content":{"rendered":"<p><img fetchpriority=\"high\" decoding=\"async\" class=\"alignnone wp-image-70\" src=\"http:\/\/www.dansloeildusilo.fr\/wp-content\/uploads\/2022\/09\/305031238_1804448049947311_1419288819039380520_n-300x159.jpg\" alt=\"\" width=\"530\" height=\"281\" \/><\/p>\n<p>&nbsp;<\/p>\n<div class=\"m8h3af8h l7ghb35v kjdc1dyq kmwttqpk gh25dzvf\">\n<div class=\"m8h3af8h l7ghb35v kjdc1dyq kmwttqpk gh25dzvf n3t5jt4f\">\n<div dir=\"auto\"><span style=\"vertical-align: inherit;\"><span style=\"vertical-align: inherit;\">Jeudi c&#8217;est Sc\u00e8ne ouverte au Silo \u00e0 partir de 20h<\/span><\/span><\/div>\n<div dir=\"auto\"><span style=\"vertical-align: inherit;\"><span style=\"vertical-align: inherit;\">Venez nous partager vos talents dans un moment convivial et boire un verre au bar du Silo<\/span><\/span><\/div>\n<\/div>\n<div class=\"l7ghb35v kjdc1dyq kmwttqpk gh25dzvf jikcssrz n3t5jt4f\">\n<div dir=\"auto\"><span class=\"fxk3tzhb b2rh1bv3 gh55jysx m8h3af8h ewco64xe kjdc1dyq ms56khn7 bq6c9xl4 eohcrkr5 akh3l2rg\"><img decoding=\"async\" src=\"https:\/\/static.xx.fbcdn.net\/images\/emoji.php\/v9\/t26\/1.5\/16\/1f449_1f3fc.png\" alt=\"\ud83d\udc49\ud83c\udffc\" width=\"16\" height=\"16\" \/><\/span><span style=\"vertical-align: inherit;\"><span style=\"vertical-align: inherit;\">Entr\u00e9e libre<\/span><\/span><\/div>\n<div dir=\"auto\"><span class=\"fxk3tzhb b2rh1bv3 gh55jysx m8h3af8h ewco64xe kjdc1dyq ms56khn7 bq6c9xl4 eohcrkr5 akh3l2rg\"><img decoding=\"async\" src=\"https:\/\/static.xx.fbcdn.net\/images\/emoji.php\/v9\/t26\/1.5\/16\/1f449_1f3fc.png\" alt=\"\ud83d\udc49\ud83c\udffc\" width=\"16\" height=\"16\" \/><\/span><span style=\"vertical-align: inherit;\"><span style=\"vertical-align: inherit;\">Inscription conseill\u00e9e aupr\u00e8s de <\/span><\/span><a class=\"qi72231t nu7423ey n3hqoq4p r86q59rh b3qcqh3k fq87ekyn bdao358l fsf7x5fv rse6dlih s5oniofx m8h3af8h l7ghb35v kjdc1dyq kmwttqpk srn514ro oxkhqvkx rl78xhln nch0832m cr00lzj9 rn8ck1ys s3jn8y49 icdlwmnq cxfqmxzd d1w2l3lo tes86rjd\" tabindex=\"0\" role=\"link\" href=\"https:\/\/www.facebook.com\/peter.cooper.507464?__cft__[0]=AZV8JFdhXZWFWnYtbPkpLhFJt9c5kLPzXfaEUF86xnrpk1ph8HdHKYekIDSmKc3dinXst9kHLBmO-6O7Bjd03VYiR5KmNKC1kuTLo0I2gpYvYbHr4V5Q5ZrK3tJSZxiLSFdZPQ2ZDr8mHQcDgdThOk4BJrlyqDLfsJYUppXAGEfV3Y3zq4kdi4HzyVThIGoh1vc&amp;__tn__=-]K-R\"><span class=\"rse6dlih\"><span style=\"vertical-align: inherit;\"><span style=\"vertical-align: inherit;\">Peter Cooper<\/span><\/span><\/span><\/a><span style=\"vertical-align: inherit;\"><span style=\"vertical-align: inherit;\"> au 0660450950 ou aupr\u00e8s du <\/span><\/span><a href=\"https:\/\/www.facebook.com\/dansloeildusilo\/\"><span style=\"vertical-align: inherit;\"><span style=\"vertical-align: inherit;\">Silo par Messenger<\/span><\/span><\/a><\/div>\n<\/div>\n<div class=\"l7ghb35v kjdc1dyq kmwttqpk gh25dzvf jikcssrz n3t5jt4f\">\n<div dir=\"auto\"><span style=\"vertical-align: inherit;\"><span style=\"vertical-align: inherit;\">Un jeudi !<\/span><\/span><\/div>\n<\/div>\n<\/div>\n","protected":false},"excerpt":{"rendered":"<p>&nbsp; Jeudi c&#8217;est Sc\u00e8ne ouverte au Silo \u00e0 partir de 20h Venez nous partager vos talents dans un moment convivial et boire un verre au bar du Silo Entr\u00e9e libre Inscription conseill\u00e9e aupr\u00e8s de Peter Cooper au 0660450950 ou aupr\u00e8s du Silo par Messenger Un jeudi !<\/p>\n","protected":false},"author":1,"featured_media":0,"template":"","meta":{"_tribe_events_status":"","_tribe_events_status_reason":"","footnotes":""},"tags":[],"tribe_events_cat":[],"class_list":["post-704","tribe_events","type-tribe_events","status-publish","hentry"],"yoast_head":"<!-- This site is optimized with the Yoast SEO plugin v27.5 - https:\/\/yoast.com\/product\/yoast-seo-wordpress\/ -->\n<title>SCENE OUVERTE - Dans l&#039;Oeil du Silo<\/title>\n<meta name=\"description\" content=\"Appel aux artistes et amateurs, chanteurs, danseurs, humoristes, peintres, graffeurs, magiciens, circassiens, conteurs, po\u00e8tes...\" \/>\n<meta name=\"robots\" content=\"index, follow, max-snippet:-1, max-image-preview:large, max-video-preview:-1\" \/>\n<link rel=\"canonical\" href=\"https:\/\/www.dansloeildusilo.fr\/index.php\/event\/scene-ouverte-2\/\" \/>\n<meta property=\"og:locale\" content=\"fr_FR\" \/>\n<meta property=\"og:type\" content=\"article\" \/>\n<meta property=\"og:title\" content=\"SCENE OUVERTE - Dans l&#039;Oeil du Silo\" \/>\n<meta property=\"og:description\" content=\"Appel aux artistes et amateurs, chanteurs, danseurs, humoristes, peintres, graffeurs, magiciens, circassiens, conteurs, po\u00e8tes...\" \/>\n<meta property=\"og:url\" content=\"https:\/\/www.dansloeildusilo.fr\/index.php\/event\/scene-ouverte-2\/\" \/>\n<meta property=\"og:site_name\" content=\"Dans l&#039;Oeil du Silo\" \/>\n<meta property=\"article:publisher\" content=\"https:\/\/www.facebook.com\/dansloeildusilo\" \/>\n<meta property=\"article:modified_time\" content=\"2022-11-09T16:27:07+00:00\" \/>\n<meta property=\"og:image\" content=\"http:\/\/www.dansloeildusilo.fr\/wp-content\/uploads\/2022\/09\/305031238_1804448049947311_1419288819039380520_n-300x159.jpg\" \/>\n<meta name=\"twitter:card\" content=\"summary_large_image\" \/>\n<meta name=\"twitter:label1\" content=\"Dur\u00e9e de lecture estim\u00e9e\" \/>\n\t<meta name=\"twitter:data1\" content=\"1 minute\" \/>\n<script type=\"application\/ld+json\" class=\"yoast-schema-graph\">{\"@context\":\"https:\\\/\\\/schema.org\",\"@graph\":[{\"@type\":\"WebPage\",\"@id\":\"https:\\\/\\\/www.dansloeildusilo.fr\\\/index.php\\\/event\\\/scene-ouverte-2\\\/\",\"url\":\"https:\\\/\\\/www.dansloeildusilo.fr\\\/index.php\\\/event\\\/scene-ouverte-2\\\/\",\"name\":\"SCENE OUVERTE - Dans l&#039;Oeil du Silo\",\"isPartOf\":{\"@id\":\"https:\\\/\\\/www.dansloeildusilo.fr\\\/#website\"},\"primaryImageOfPage\":{\"@id\":\"https:\\\/\\\/www.dansloeildusilo.fr\\\/index.php\\\/event\\\/scene-ouverte-2\\\/#primaryimage\"},\"image\":{\"@id\":\"https:\\\/\\\/www.dansloeildusilo.fr\\\/index.php\\\/event\\\/scene-ouverte-2\\\/#primaryimage\"},\"thumbnailUrl\":\"http:\\\/\\\/www.dansloeildusilo.fr\\\/wp-content\\\/uploads\\\/2022\\\/09\\\/305031238_1804448049947311_1419288819039380520_n-300x159.jpg\",\"datePublished\":\"2022-09-12T16:45:20+00:00\",\"dateModified\":\"2022-11-09T16:27:07+00:00\",\"description\":\"Appel aux artistes et amateurs, chanteurs, danseurs, humoristes, peintres, graffeurs, magiciens, circassiens, conteurs, po\u00e8tes...\",\"breadcrumb\":{\"@id\":\"https:\\\/\\\/www.dansloeildusilo.fr\\\/index.php\\\/event\\\/scene-ouverte-2\\\/#breadcrumb\"},\"inLanguage\":\"fr-FR\",\"potentialAction\":[{\"@type\":\"ReadAction\",\"target\":[\"https:\\\/\\\/www.dansloeildusilo.fr\\\/index.php\\\/event\\\/scene-ouverte-2\\\/\"]}]},{\"@type\":\"ImageObject\",\"inLanguage\":\"fr-FR\",\"@id\":\"https:\\\/\\\/www.dansloeildusilo.fr\\\/index.php\\\/event\\\/scene-ouverte-2\\\/#primaryimage\",\"url\":\"http:\\\/\\\/www.dansloeildusilo.fr\\\/wp-content\\\/uploads\\\/2022\\\/09\\\/305031238_1804448049947311_1419288819039380520_n-300x159.jpg\",\"contentUrl\":\"http:\\\/\\\/www.dansloeildusilo.fr\\\/wp-content\\\/uploads\\\/2022\\\/09\\\/305031238_1804448049947311_1419288819039380520_n-300x159.jpg\"},{\"@type\":\"BreadcrumbList\",\"@id\":\"https:\\\/\\\/www.dansloeildusilo.fr\\\/index.php\\\/event\\\/scene-ouverte-2\\\/#breadcrumb\",\"itemListElement\":[{\"@type\":\"ListItem\",\"position\":1,\"name\":\"Accueil\",\"item\":\"https:\\\/\\\/www.dansloeildusilo.fr\\\/\"},{\"@type\":\"ListItem\",\"position\":2,\"name\":\"Events\",\"item\":\"https:\\\/\\\/www.dansloeildusilo.fr\\\/index.php\\\/events\\\/\"},{\"@type\":\"ListItem\",\"position\":3,\"name\":\"SCENE OUVERTE\"}]},{\"@type\":\"WebSite\",\"@id\":\"https:\\\/\\\/www.dansloeildusilo.fr\\\/#website\",\"url\":\"https:\\\/\\\/www.dansloeildusilo.fr\\\/\",\"name\":\"DANS L\u0152IL DU SILO\",\"description\":\"Coop\u00e9rative Culturelle\",\"publisher\":{\"@id\":\"https:\\\/\\\/www.dansloeildusilo.fr\\\/#organization\"},\"potentialAction\":[{\"@type\":\"SearchAction\",\"target\":{\"@type\":\"EntryPoint\",\"urlTemplate\":\"https:\\\/\\\/www.dansloeildusilo.fr\\\/?s={search_term_string}\"},\"query-input\":{\"@type\":\"PropertyValueSpecification\",\"valueRequired\":true,\"valueName\":\"search_term_string\"}}],\"inLanguage\":\"fr-FR\"},{\"@type\":\"Organization\",\"@id\":\"https:\\\/\\\/www.dansloeildusilo.fr\\\/#organization\",\"name\":\"DANS L'\u0152IL DU SILO\",\"url\":\"https:\\\/\\\/www.dansloeildusilo.fr\\\/\",\"logo\":{\"@type\":\"ImageObject\",\"inLanguage\":\"fr-FR\",\"@id\":\"https:\\\/\\\/www.dansloeildusilo.fr\\\/#\\\/schema\\\/logo\\\/image\\\/\",\"url\":\"https:\\\/\\\/www.dansloeildusilo.fr\\\/wp-content\\\/uploads\\\/2022\\\/10\\\/oeil-silo-trans-1.png\",\"contentUrl\":\"https:\\\/\\\/www.dansloeildusilo.fr\\\/wp-content\\\/uploads\\\/2022\\\/10\\\/oeil-silo-trans-1.png\",\"width\":500,\"height\":500,\"caption\":\"DANS L'\u0152IL DU SILO\"},\"image\":{\"@id\":\"https:\\\/\\\/www.dansloeildusilo.fr\\\/#\\\/schema\\\/logo\\\/image\\\/\"},\"sameAs\":[\"https:\\\/\\\/www.facebook.com\\\/dansloeildusilo\",\"https:\\\/\\\/www.youtube.com\\\/channel\\\/UCVZ9Xc6sSsztMSiK5DFnrlA\",\"https:\\\/\\\/www.instagram.com\\\/dansloeildusilo\\\/\"]}]}<\/script>\n<!-- \/ Yoast SEO plugin. -->","yoast_head_json":{"title":"SCENE OUVERTE - Dans l&#039;Oeil du Silo","description":"Appel aux artistes et amateurs, chanteurs, danseurs, humoristes, peintres, graffeurs, magiciens, circassiens, conteurs, po\u00e8tes...","robots":{"index":"index","follow":"follow","max-snippet":"max-snippet:-1","max-image-preview":"max-image-preview:large","max-video-preview":"max-video-preview:-1"},"canonical":"https:\/\/www.dansloeildusilo.fr\/index.php\/event\/scene-ouverte-2\/","og_locale":"fr_FR","og_type":"article","og_title":"SCENE OUVERTE - Dans l&#039;Oeil du Silo","og_description":"Appel aux artistes et amateurs, chanteurs, danseurs, humoristes, peintres, graffeurs, magiciens, circassiens, conteurs, po\u00e8tes...","og_url":"https:\/\/www.dansloeildusilo.fr\/index.php\/event\/scene-ouverte-2\/","og_site_name":"Dans l&#039;Oeil du Silo","article_publisher":"https:\/\/www.facebook.com\/dansloeildusilo","article_modified_time":"2022-11-09T16:27:07+00:00","og_image":[{"url":"http:\/\/www.dansloeildusilo.fr\/wp-content\/uploads\/2022\/09\/305031238_1804448049947311_1419288819039380520_n-300x159.jpg","type":"","width":"","height":""}],"twitter_card":"summary_large_image","twitter_misc":{"Dur\u00e9e de lecture estim\u00e9e":"1 minute"},"schema":{"@context":"https:\/\/schema.org","@graph":[{"@type":"WebPage","@id":"https:\/\/www.dansloeildusilo.fr\/index.php\/event\/scene-ouverte-2\/","url":"https:\/\/www.dansloeildusilo.fr\/index.php\/event\/scene-ouverte-2\/","name":"SCENE OUVERTE - Dans l&#039;Oeil du Silo","isPartOf":{"@id":"https:\/\/www.dansloeildusilo.fr\/#website"},"primaryImageOfPage":{"@id":"https:\/\/www.dansloeildusilo.fr\/index.php\/event\/scene-ouverte-2\/#primaryimage"},"image":{"@id":"https:\/\/www.dansloeildusilo.fr\/index.php\/event\/scene-ouverte-2\/#primaryimage"},"thumbnailUrl":"http:\/\/www.dansloeildusilo.fr\/wp-content\/uploads\/2022\/09\/305031238_1804448049947311_1419288819039380520_n-300x159.jpg","datePublished":"2022-09-12T16:45:20+00:00","dateModified":"2022-11-09T16:27:07+00:00","description":"Appel aux artistes et amateurs, chanteurs, danseurs, humoristes, peintres, graffeurs, magiciens, circassiens, conteurs, po\u00e8tes...","breadcrumb":{"@id":"https:\/\/www.dansloeildusilo.fr\/index.php\/event\/scene-ouverte-2\/#breadcrumb"},"inLanguage":"fr-FR","potentialAction":[{"@type":"ReadAction","target":["https:\/\/www.dansloeildusilo.fr\/index.php\/event\/scene-ouverte-2\/"]}]},{"@type":"ImageObject","inLanguage":"fr-FR","@id":"https:\/\/www.dansloeildusilo.fr\/index.php\/event\/scene-ouverte-2\/#primaryimage","url":"http:\/\/www.dansloeildusilo.fr\/wp-content\/uploads\/2022\/09\/305031238_1804448049947311_1419288819039380520_n-300x159.jpg","contentUrl":"http:\/\/www.dansloeildusilo.fr\/wp-content\/uploads\/2022\/09\/305031238_1804448049947311_1419288819039380520_n-300x159.jpg"},{"@type":"BreadcrumbList","@id":"https:\/\/www.dansloeildusilo.fr\/index.php\/event\/scene-ouverte-2\/#breadcrumb","itemListElement":[{"@type":"ListItem","position":1,"name":"Accueil","item":"https:\/\/www.dansloeildusilo.fr\/"},{"@type":"ListItem","position":2,"name":"Events","item":"https:\/\/www.dansloeildusilo.fr\/index.php\/events\/"},{"@type":"ListItem","position":3,"name":"SCENE OUVERTE"}]},{"@type":"WebSite","@id":"https:\/\/www.dansloeildusilo.fr\/#website","url":"https:\/\/www.dansloeildusilo.fr\/","name":"DANS L\u0152IL DU SILO","description":"Coop\u00e9rative Culturelle","publisher":{"@id":"https:\/\/www.dansloeildusilo.fr\/#organization"},"potentialAction":[{"@type":"SearchAction","target":{"@type":"EntryPoint","urlTemplate":"https:\/\/www.dansloeildusilo.fr\/?s={search_term_string}"},"query-input":{"@type":"PropertyValueSpecification","valueRequired":true,"valueName":"search_term_string"}}],"inLanguage":"fr-FR"},{"@type":"Organization","@id":"https:\/\/www.dansloeildusilo.fr\/#organization","name":"DANS L'\u0152IL DU SILO","url":"https:\/\/www.dansloeildusilo.fr\/","logo":{"@type":"ImageObject","inLanguage":"fr-FR","@id":"https:\/\/www.dansloeildusilo.fr\/#\/schema\/logo\/image\/","url":"https:\/\/www.dansloeildusilo.fr\/wp-content\/uploads\/2022\/10\/oeil-silo-trans-1.png","contentUrl":"https:\/\/www.dansloeildusilo.fr\/wp-content\/uploads\/2022\/10\/oeil-silo-trans-1.png","width":500,"height":500,"caption":"DANS L'\u0152IL DU SILO"},"image":{"@id":"https:\/\/www.dansloeildusilo.fr\/#\/schema\/logo\/image\/"},"sameAs":["https:\/\/www.facebook.com\/dansloeildusilo","https:\/\/www.youtube.com\/channel\/UCVZ9Xc6sSsztMSiK5DFnrlA","https:\/\/www.instagram.com\/dansloeildusilo\/"]}]}},"_links":{"self":[{"href":"https:\/\/www.dansloeildusilo.fr\/index.php\/wp-json\/wp\/v2\/tribe_events\/704","targetHints":{"allow":["GET"]}}],"collection":[{"href":"https:\/\/www.dansloeildusilo.fr\/index.php\/wp-json\/wp\/v2\/tribe_events"}],"about":[{"href":"https:\/\/www.dansloeildusilo.fr\/index.php\/wp-json\/wp\/v2\/types\/tribe_events"}],"author":[{"embeddable":true,"href":"https:\/\/www.dansloeildusilo.fr\/index.php\/wp-json\/wp\/v2\/users\/1"}],"version-history":[{"count":4,"href":"https:\/\/www.dansloeildusilo.fr\/index.php\/wp-json\/wp\/v2\/tribe_events\/704\/revisions"}],"predecessor-version":[{"id":1690,"href":"https:\/\/www.dansloeildusilo.fr\/index.php\/wp-json\/wp\/v2\/tribe_events\/704\/revisions\/1690"}],"wp:attachment":[{"href":"https:\/\/www.dansloeildusilo.fr\/index.php\/wp-json\/wp\/v2\/media?parent=704"}],"wp:term":[{"taxonomy":"post_tag","embeddable":true,"href":"https:\/\/www.dansloeildusilo.fr\/index.php\/wp-json\/wp\/v2\/tags?post=704"},{"taxonomy":"tribe_events_cat","embeddable":true,"href":"https:\/\/www.dansloeildusilo.fr\/index.php\/wp-json\/wp\/v2\/tribe_events_cat?post=704"}],"curies":[{"name":"wp","href":"https:\/\/api.w.org\/{rel}","templated":true}]}}