{"id":2768,"date":"2023-05-10T14:10:40","date_gmt":"2023-05-10T12:10:40","guid":{"rendered":"https:\/\/www.dansloeildusilo.fr\/?post_type=tribe_events&#038;p=2768"},"modified":"2023-05-10T14:20:14","modified_gmt":"2023-05-10T12:20:14","slug":"subit-house","status":"publish","type":"tribe_events","link":"https:\/\/www.dansloeildusilo.fr\/index.php\/event\/subit-house\/","title":{"rendered":"SUBIT HOUSE"},"content":{"rendered":"<p><img fetchpriority=\"high\" decoding=\"async\" class=\" wp-image-2767 aligncenter\" src=\"https:\/\/www.dansloeildusilo.fr\/wp-content\/uploads\/2023\/05\/SUBIT-HOUSE-300x111.jpg\" alt=\"\" width=\"516\" height=\"191\" \/><\/p>\n<p>&nbsp;<\/p>\n<div class=\"x11i5rnm xat24cr x1mh8g0r x1vvkbs xtlvy1s\"><span style=\"vertical-align: inherit;\"><span style=\"vertical-align: inherit;\"><span style=\"vertical-align: inherit;\"><span style=\"vertical-align: inherit;\">L&#8217;association &#8221;\u00a0 <\/span><\/span><\/span><\/span><span style=\"vertical-align: inherit;\"><span style=\"vertical-align: inherit;\"><span style=\"vertical-align: inherit;\"><span style=\"vertical-align: inherit;\">\u00a0Les Arts Souillent\u00a0 <\/span><\/span><\/span><span style=\"vertical-align: inherit;\"><span style=\"vertical-align: inherit;\"><span style=\"vertical-align: inherit;\">\u00a0&#8221; vous convie pour une soir\u00e9e haute en couleur !<\/span><\/span><\/span><\/span><span class=\"x3nfvp2 x1j61x8r x1fcty0u xdj266r xhhsvwb xat24cr xgzva0m xxymvpz xlup9mm x1kky2od\"><img decoding=\"async\" src=\"https:\/\/static.xx.fbcdn.net\/images\/emoji.php\/v9\/t97\/1.5\/16\/1f98e.png\" alt=\"\ud83e\udd8e\" width=\"16\" height=\"16\" \/><\/span><span class=\"x3nfvp2 x1j61x8r x1fcty0u xdj266r xhhsvwb xat24cr xgzva0m xxymvpz xlup9mm x1kky2od\"><img decoding=\"async\" src=\"https:\/\/static.xx.fbcdn.net\/images\/emoji.php\/v9\/t97\/1.5\/16\/1f98e.png\" alt=\"\ud83e\udd8e\" width=\"16\" height=\"16\" \/><\/span><\/div>\n<div class=\"x11i5rnm xat24cr x1mh8g0r x1vvkbs xtlvy1s\"><span style=\"vertical-align: inherit;\"><span style=\"vertical-align: inherit;\"><span style=\"vertical-align: inherit;\"><span style=\"vertical-align: inherit;\">&#8212;&#8212;&#8212;&#8212;&#8212;&#8212;&#8212;&#8212;&#8212;&#8212;&#8212;&#8212;&#8212;&#8212;&#8212; <\/span><\/span><\/span><\/span><span style=\"vertical-align: inherit;\"><span style=\"vertical-align: inherit;\"><span style=\"vertical-align: inherit;\"><span style=\"vertical-align: inherit;\">\u00a0Entr\u00e9e prix libre &amp; conscient <\/span><\/span><\/span><span style=\"vertical-align: inherit;\"><span style=\"vertical-align: inherit;\"><span style=\"vertical-align: inherit;\">\u00a018h \u00e0 2h <\/span><\/span><\/span><span style=\"vertical-align: inherit;\"><span style=\"vertical-align: inherit;\"><span style=\"vertical-align: inherit;\">\u00a0Bar ( Bi\u00e8res locales, softs, vins ) <\/span><\/span><\/span><span style=\"vertical-align: inherit;\"><span style=\"vertical-align: inherit;\"><span style=\"vertical-align: inherit;\">&#8212;&#8212;&#8212;&#8212;&#8212;&#8212;&#8212;&#8212;&#8212;&#8212;&#8212;&#8212;&#8211; &#8212;&#8212;-<\/span><\/span><\/span><\/span><br \/>\n<span class=\"x3nfvp2 x1j61x8r x1fcty0u xdj266r xhhsvwb xat24cr xgzva0m xxymvpz xlup9mm x1kky2od\"><img decoding=\"async\" src=\"https:\/\/static.xx.fbcdn.net\/images\/emoji.php\/v9\/tb7\/1.5\/16\/1f51b.png\" alt=\"\ud83d\udd1b\" width=\"16\" height=\"16\" \/><\/span><br \/>\n<span class=\"x3nfvp2 x1j61x8r x1fcty0u xdj266r xhhsvwb xat24cr xgzva0m xxymvpz xlup9mm x1kky2od\"><img loading=\"lazy\" decoding=\"async\" src=\"https:\/\/static.xx.fbcdn.net\/images\/emoji.php\/v9\/t3e\/1.5\/16\/23f3.png\" alt=\"\u23f3\" width=\"16\" height=\"16\" \/><\/span><br \/>\n<span class=\"x3nfvp2 x1j61x8r x1fcty0u xdj266r xhhsvwb xat24cr xgzva0m xxymvpz xlup9mm x1kky2od\"><img loading=\"lazy\" decoding=\"async\" src=\"https:\/\/static.xx.fbcdn.net\/images\/emoji.php\/v9\/t6e\/1.5\/16\/1f37a.png\" alt=\"\ud83c\udf7a\" width=\"16\" height=\"16\" \/><\/span><\/div>\n<div class=\"x11i5rnm xat24cr x1mh8g0r x1vvkbs xtlvy1s\"><span style=\"vertical-align: inherit;\"><span style=\"vertical-align: inherit;\"><span style=\"vertical-align: inherit;\"><span style=\"vertical-align: inherit;\">Programmation :<\/span><\/span><\/span><\/span><\/div>\n<div class=\"x11i5rnm xat24cr x1mh8g0r x1vvkbs xtlvy1s\"><span style=\"vertical-align: inherit;\"><span style=\"vertical-align: inherit;\"><span style=\"vertical-align: inherit;\"><span style=\"vertical-align: inherit;\">NYTO : <\/span><\/span><\/span><\/span><br \/>\n<span style=\"vertical-align: inherit;\"><span style=\"vertical-align: inherit;\"><span style=\"vertical-align: inherit;\"><span style=\"vertical-align: inherit;\">Originaire de la Mayenne, Nyto d\u00e9couvre le mouvement techno avec le crew <\/span><\/span><\/span><\/span><br \/>\n<span style=\"vertical-align: inherit;\"><span style=\"vertical-align: inherit;\"><span style=\"vertical-align: inherit;\"><span style=\"vertical-align: inherit;\">mayennais @Tribal Bass Karpediem en 2003. <\/span><\/span><\/span><\/span><br \/>\n<span style=\"vertical-align: inherit;\"><span style=\"vertical-align: inherit;\"><span style=\"vertical-align: inherit;\"><span style=\"vertical-align: inherit;\">Il s&#8217;y investira quelque chose peut et s&#8217;int\u00e9ressera au live sur des machines analogiques. <\/span><\/span><\/span><\/span><br \/>\n<span style=\"vertical-align: inherit;\"><span style=\"vertical-align: inherit;\"><span style=\"vertical-align: inherit;\"><span style=\"vertical-align: inherit;\">Par la suite, le mix est devenu une passion de part les multiples possibilit\u00e9s de sublimer divers genres de techno.. <\/span><\/span><\/span><\/span><br \/>\n<span style=\"vertical-align: inherit;\"><span style=\"vertical-align: inherit;\"><span style=\"vertical-align: inherit;\"><span style=\"vertical-align: inherit;\">Amoureux des free-parties depuis maintenant 20 ans, il vous fera d\u00e9couvrir son univers !!<\/span><\/span><\/span><\/span><\/div>\n<div class=\"x11i5rnm xat24cr x1mh8g0r x1vvkbs xtlvy1s\"><span style=\"vertical-align: inherit;\"><span style=\"vertical-align: inherit;\"><span style=\"vertical-align: inherit;\"><span style=\"vertical-align: inherit;\">Soundcloud :\u00a0 <\/span><\/span><\/span><\/span><a class=\"x1i10hfl xjbqb8w x6umtig x1b1mbwd xaqea5y xav7gou x9f619 x1ypdohk xt0psk2 xe8uvvx xdj266r x11i5rnm xat24cr x1mh8g0r xexx8yu x4uap5 x18d9i69 xkhd6sd x16tdsg8 x1hl2dhg xggy1nq x1a2a7pz xt0b8zv x1fey0fg\" tabindex=\"0\" role=\"link\" href=\"https:\/\/on.soundcloud.com\/diKym?fbclid=IwAR0Kgpm-3YPyN97vIkvoKaG91YfS8qyZBOMfFKulYlxrg1wRT1jHkdOgvH8\" target=\"_blank\" rel=\"nofollow noopener\"><span style=\"vertical-align: inherit;\"><span style=\"vertical-align: inherit;\"><span style=\"vertical-align: inherit;\"><span style=\"vertical-align: inherit;\">https:\/\/on.soundcloud.com\/diKym<\/span><\/span><\/span><\/span><\/a><\/div>\n<div class=\"x11i5rnm xat24cr x1mh8g0r x1vvkbs xtlvy1s\"><span style=\"vertical-align: inherit;\"><span style=\"vertical-align: inherit;\"><span style=\"vertical-align: inherit;\"><span style=\"vertical-align: inherit;\">FABULOUS FAB : <\/span><\/span><\/span><\/span><br \/>\n<span style=\"vertical-align: inherit;\"><span style=\"vertical-align: inherit;\"><span style=\"vertical-align: inherit;\"><span style=\"vertical-align: inherit;\">Fabien revient des usa apr\u00e8s plus de 20 ans, il a fait partie des collectifs LongHa.us et Opulent Temple Seattle, jou\u00e9 plusieurs fois \u00e0 BurningMan, Critical Massive, Seattle Erotic Arts Festival et le London Erotics festival en 2009. Il <\/span><\/span><\/span><\/span><br \/>\n<span style=\"vertical-align: inherit;\"><span style=\"vertical-align: inherit;\"><span style=\"vertical-align: inherit;\"><span style=\"vertical-align: inherit;\">sera vous faire par de son univers musical avec nous ce samedi !<\/span><\/span><\/span><\/span><\/div>\n<div class=\"x11i5rnm xat24cr x1mh8g0r x1vvkbs xtlvy1s\"><span style=\"vertical-align: inherit;\"><span style=\"vertical-align: inherit;\"><span style=\"vertical-align: inherit;\"><span style=\"vertical-align: inherit;\">Facebook :\u00a0 <\/span><\/span><\/span><\/span><a class=\"x1i10hfl xjbqb8w x6umtig x1b1mbwd xaqea5y xav7gou x9f619 x1ypdohk xt0psk2 xe8uvvx xdj266r x11i5rnm xat24cr x1mh8g0r xexx8yu x4uap5 x18d9i69 xkhd6sd x16tdsg8 x1hl2dhg xggy1nq x1a2a7pz xt0b8zv xzsf02u x1s688f\" tabindex=\"0\" role=\"link\" href=\"https:\/\/www.facebook.com\/FabulousFab.Music?__cft__[0]=AZVsPzlBNwFWzPGXiFm32RrFdd7p2Ubm0H2GthdrPfmdQF5fCA-xeLu9w6QT1JdTCoRKaLtiexiEb3t9L634xoPRAIAkrb7abfQcMGLug1ttiY8ntQPWvBOvA2nqJdOgDbI&amp;__tn__=q\"><span class=\"xt0psk2\"><span style=\"vertical-align: inherit;\"><span style=\"vertical-align: inherit;\"><span style=\"vertical-align: inherit;\"><span style=\"vertical-align: inherit;\">https:\/\/www.facebook.com\/FabulousFab.Music<\/span><\/span><\/span><\/span><\/span><\/a><\/div>\n<div class=\"x11i5rnm xat24cr x1mh8g0r x1vvkbs xtlvy1s\"><span style=\"vertical-align: inherit;\"><span style=\"vertical-align: inherit;\"><span style=\"vertical-align: inherit;\"><span style=\"vertical-align: inherit;\">HERTZ 23 : <\/span><\/span><\/span><\/span><br \/>\n<span style=\"vertical-align: inherit;\"><span style=\"vertical-align: inherit;\"><span style=\"vertical-align: inherit;\"><span style=\"vertical-align: inherit;\">alias Mamoul a d\u00e9couvert l&#8217;univers de la musique \u00e9lectronique et de la free party \u00e0 l&#8217;\u00e2ge de 17 ans avec une bande de copains. <\/span><\/span><\/span><\/span><br \/>\n<span style=\"vertical-align: inherit;\"><span style=\"vertical-align: inherit;\"><span style=\"vertical-align: inherit;\"><span style=\"vertical-align: inherit;\">Peu apr\u00e8s avoir fait quelques petites soir\u00e9es entre potes au nom de Antistatik, \u00e0 cette \u00e9poque l\u00e0 Hertz23 jouer de la trance\/ psy trance et techno puis quelques cr\u00e9ations de musiques exp\u00e9rimentales sur fruity loops, ces morceaux qu&#8217;il \u00e0 r\u00e9alis\u00e9s sont sur\u00a0 <\/span><\/span><\/span><\/span><a class=\"x1i10hfl xjbqb8w x6umtig x1b1mbwd xaqea5y xav7gou x9f619 x1ypdohk xt0psk2 xe8uvvx xdj266r x11i5rnm xat24cr x1mh8g0r xexx8yu x4uap5 x18d9i69 xkhd6sd x16tdsg8 x1hl2dhg xggy1nq x1a2a7pz xt0b8zv x1fey0fg\" tabindex=\"0\" role=\"link\" href=\"https:\/\/l.facebook.com\/l.php?u=http%3A%2F%2Fs2teuf.org%2F%3Ffbclid%3DIwAR3Sgb8qB8-3hui7nsIlxUgc9T-ISY4wAYk53y9G5m181P_6FSoLpVSNnHg&amp;h=AT2FveXEXAep5XC7v03c29SNbnsotLYRaxMPnV7njMsoM5ny1qQGL5LlyUq3nMHv6_wIWAVch1lYXeVCP4xsPmc5e9Ex3vtOdfDRrM7Y8i_NIKC2js4wvw-SIjKzFE0-JVnW&amp;__tn__=q&amp;c[0]=AT2-lsRyQ-XfGPAg9NsbG-B8oNjc5vWsEvLxB4H3pVPmi1JzKETUx48XWceZnzGyu_uN8A8CFVwPDzJmrh_gdY_gPHmU3o1KCdMcwEcRZXUIoSmptLakg5S3t0qGhhs2Ra_PTFL3bMHFj2rfoT0Rn70xr6BM\" target=\"_blank\" rel=\"nofollow noopener\"><span style=\"vertical-align: inherit;\"><span style=\"vertical-align: inherit;\"><span style=\"vertical-align: inherit;\"><span style=\"vertical-align: inherit;\">s2teuf.org . <\/span><\/span><\/span><\/span><\/a><br \/>\n<span style=\"vertical-align: inherit;\"><span style=\"vertical-align: inherit;\"><span style=\"vertical-align: inherit;\"><span style=\"vertical-align: inherit;\">A une soir\u00e9e, il d\u00e9couvre le mixe vinyles sur de la tribe \/ hardtek dans le style Fky et depuis il n&#8217;a pas d\u00e9croch\u00e9. <\/span><\/span><\/span><\/span><br \/>\n<span style=\"vertical-align: inherit;\"><span style=\"vertical-align: inherit;\"><span style=\"vertical-align: inherit;\"><span style=\"vertical-align: inherit;\">Il ach\u00e8te ces platines vinyle, table de mixage et ces premiers vinyles qui sont du Fky, Teknambul, DSP, Crystal D, 69 DB, R-Zac, Mr Freeze &#8230;<\/span><\/span><\/span><\/span><br \/>\n<span style=\"vertical-align: inherit;\"><span style=\"vertical-align: inherit;\"><span style=\"vertical-align: inherit;\"><span style=\"vertical-align: inherit;\">Fondation d&#8217;un sound system qui se nomme Arenui au cours d\u00e9sign\u00e9 il ces divertis dans beaucoup de styles diff\u00e9rents. <\/span><\/span><\/span><span style=\"vertical-align: inherit;\"><span style=\"vertical-align: inherit;\"><span style=\"vertical-align: inherit;\">Aujourd&#8217;hui Hertz 23 mixe principalement de l&#8217;hardtek \/ tribe plus ou moins mental \/ acid tout comme la techno et l&#8217;hardcore. <\/span><\/span><\/span><\/span><br \/>\n<span style=\"vertical-align: inherit;\"><span style=\"vertical-align: inherit;\"><span style=\"vertical-align: inherit;\"><span style=\"vertical-align: inherit;\">Vinyle : Le <\/span><\/span><\/span><\/span><br \/>\n<span style=\"vertical-align: inherit;\"><span style=\"vertical-align: inherit;\"><span style=\"vertical-align: inherit;\"><span style=\"vertical-align: inherit;\">23 : Le<\/span><\/span><\/span><\/span><\/div>\n<div class=\"x11i5rnm xat24cr x1mh8g0r x1vvkbs xtlvy1s\"><span style=\"vertical-align: inherit;\"><span style=\"vertical-align: inherit;\"><span style=\"vertical-align: inherit;\"><span style=\"vertical-align: inherit;\">Ascender x Chab&#8217;z : <\/span><\/span><\/span><\/span><br \/>\n<span style=\"vertical-align: inherit;\"><span style=\"vertical-align: inherit;\"><span style=\"vertical-align: inherit;\"><span style=\"vertical-align: inherit;\">Issus des soundsystems, Teknokrates et Arenui, Ce duo vous emm\u00e8nera pour un Live&#8217;n Mix avec Ascender et Chabz. <\/span><\/span><\/span><span style=\"vertical-align: inherit;\"><span style=\"vertical-align: inherit;\"><span style=\"vertical-align: inherit;\">Un set \u00e0 tendance plut\u00f4t Techno Berlinoise, avenante et dancefloor pour ne laisser aucun r\u00e9pit \u00e0 vos pieds dans l&#8217;oeil du Silo. <\/span><\/span><\/span><\/span><br \/>\n<span style=\"vertical-align: inherit;\"><span style=\"vertical-align: inherit;\"><span style=\"vertical-align: inherit;\"><span style=\"vertical-align: inherit;\">Facebook : <\/span><\/span><\/span><\/span><br \/>\n<a class=\"x1i10hfl xjbqb8w x6umtig x1b1mbwd xaqea5y xav7gou x9f619 x1ypdohk xt0psk2 xe8uvvx xdj266r x11i5rnm xat24cr x1mh8g0r xexx8yu x4uap5 x18d9i69 xkhd6sd x16tdsg8 x1hl2dhg xggy1nq x1a2a7pz xt0b8zv xzsf02u x1s688f\" tabindex=\"0\" role=\"link\" href=\"https:\/\/www.facebook.com\/DeltaSigma23?__cft__[0]=AZVsPzlBNwFWzPGXiFm32RrFdd7p2Ubm0H2GthdrPfmdQF5fCA-xeLu9w6QT1JdTCoRKaLtiexiEb3t9L634xoPRAIAkrb7abfQcMGLug1ttiY8ntQPWvBOvA2nqJdOgDbI&amp;__tn__=q\"><span class=\"xt0psk2\"><span style=\"vertical-align: inherit;\"><span style=\"vertical-align: inherit;\"><span style=\"vertical-align: inherit;\"><span style=\"vertical-align: inherit;\">https:\/\/www.facebook.com\/DeltaSigma23 <\/span><\/span><\/span><\/span><\/span><\/a><br \/>\n<a class=\"x1i10hfl xjbqb8w x6umtig x1b1mbwd xaqea5y xav7gou x9f619 x1ypdohk xt0psk2 xe8uvvx xdj266r x11i5rnm xat24cr x1mh8g0r xexx8yu x4uap5 x18d9i69 xkhd6sd x16tdsg8 x1hl2dhg xggy1nq x1a2a7pz xt0b8zv xzsf02u x1s688f\" tabindex=\"0\" role=\"link\" href=\"https:\/\/www.facebook.com\/impakt.teknokrates?__cft__[0]=AZVsPzlBNwFWzPGXiFm32RrFdd7p2Ubm0H2GthdrPfmdQF5fCA-xeLu9w6QT1JdTCoRKaLtiexiEb3t9L634xoPRAIAkrb7abfQcMGLug1ttiY8ntQPWvBOvA2nqJdOgDbI&amp;__tn__=q\"><span class=\"xt0psk2\"><span style=\"vertical-align: inherit;\"><span style=\"vertical-align: inherit;\"><span style=\"vertical-align: inherit;\"><span style=\"vertical-align: inherit;\">https:\/\/www.facebook.com\/impakt.teknokrates<\/span><\/span><\/span><\/span><\/span><\/a><br \/>\n<span style=\"vertical-align: inherit;\"><span style=\"vertical-align: inherit;\"><span style=\"vertical-align: inherit;\"><span style=\"vertical-align: inherit;\"> Soundcloud : <\/span><\/span><\/span><\/span><br \/>\n<a class=\"x1i10hfl xjbqb8w x6umtig x1b1mbwd xaqea5y xav7gou x9f619 x1ypdohk xt0psk2 xe8uvvx xdj266r x11i5rnm xat24cr x1mh8g0r xexx8yu x4uap5 x18d9i69 xkhd6sd x16tdsg8 x1hl2dhg xggy1nq x1a2a7pz xt0b8zv x1fey0fg\" tabindex=\"0\" role=\"link\" href=\"https:\/\/l.facebook.com\/l.php?u=https%3A%2F%2Fsoundcloud.com%2Fuser-985079528%3Ffbclid%3DIwAR2wEYdrF2WJwSpqMAmrftiOzUTpT2aenDq-yg_nXNEeLweExz5qlv-hyC4&amp;h=AT2Jkl8bn8RC0rVwiPVFsY7I-evmAkOzp_4VrrWutFlmZV7X4WI4rEU0KbQA_zrIPdG9JmwgDgObHbOuni2-GN0anSPiPN5E7wKl4M6pboJACWSUxa3wdPfYjc6Bma-9Wqbk&amp;__tn__=q&amp;c[0]=AT2-lsRyQ-XfGPAg9NsbG-B8oNjc5vWsEvLxB4H3pVPmi1JzKETUx48XWceZnzGyu_uN8A8CFVwPDzJmrh_gdY_gPHmU3o1KCdMcwEcRZXUIoSmptLakg5S3t0qGhhs2Ra_PTFL3bMHFj2rfoT0Rn70xr6BM\" target=\"_blank\" rel=\"nofollow noopener\"><span style=\"vertical-align: inherit;\"><span style=\"vertical-align: inherit;\"><span style=\"vertical-align: inherit;\"><span style=\"vertical-align: inherit;\">https:\/\/soundcloud.com\/user-985079528<\/span><\/span><\/span><\/span><\/a><\/div>\n<div class=\"x11i5rnm xat24cr x1mh8g0r x1vvkbs xtlvy1s\"><span style=\"vertical-align: inherit;\"><span style=\"vertical-align: inherit;\">BIZZ : <\/span><\/span><br \/>\n<span style=\"vertical-align: inherit;\"><span style=\"vertical-align: inherit;\">DJ fran\u00e7ais du Sud-Ouest de la France. <\/span><span style=\"vertical-align: inherit;\">C&#8217;est en 2012 qu&#8217;il a commenc\u00e9 \u00e0 s&#8217;int\u00e9resser vraiment \u00e0 la musique. <\/span><\/span><br \/>\n<span style=\"vertical-align: inherit;\"><span style=\"vertical-align: inherit;\">Dans son plus jeune \u00e2ge, il f\u00fbt transmis par la culture jazz &amp; la musique psych\u00e9d\u00e9lique. <\/span><span style=\"vertical-align: inherit;\">Depuis plusieurs ann\u00e9es maintenant, il c\u00f4toie la culture Underground, c&#8217;est donc naturellement qu&#8217;il s&#8217;est pench\u00e9 vers la musique \u00e9lectronique. <\/span><\/span><br \/>\n<span style=\"vertical-align: inherit;\"><span style=\"vertical-align: inherit;\">Tr\u00e8s \u00e9clectique dans son r\u00e9pertoire, il sait cr\u00e9er une ambiance avec une \u00e9nergie folle des mix et des lives qu&#8217;il a pu prouver sur plusieurs sc\u00e8nes du Sud-Ouest (Free Musique, Mill\u00e9sime, Respublica\u2026). <\/span><\/span><br \/>\n<span style=\"vertical-align: inherit;\"><span style=\"vertical-align: inherit;\">Depuis 2018, il rentre dans l&#8217;association \u00ab Les Arts Souillent \u00bb, avec qui il compte \u00e9valu\u00e9 aujourd&#8217;hui ! <\/span><\/span><br \/>\n<span style=\"vertical-align: inherit;\"><span style=\"vertical-align: inherit;\">Soundcloud :\u00a0 <\/span><\/span><a class=\"x1i10hfl xjbqb8w x6umtig x1b1mbwd xaqea5y xav7gou x9f619 x1ypdohk xt0psk2 xe8uvvx xdj266r x11i5rnm xat24cr x1mh8g0r xexx8yu x4uap5 x18d9i69 xkhd6sd x16tdsg8 x1hl2dhg xggy1nq x1a2a7pz xt0b8zv x1fey0fg\" tabindex=\"0\" role=\"link\" href=\"https:\/\/l.facebook.com\/l.php?u=https%3A%2F%2Fsoundcloud.com%2Fcl-ment-jaudeau%3Ffbclid%3DIwAR1DWL17LnSyD2LAARqXv8suycJAZc9a80x405WmIuxQ_StFLCzCJ9e-qK4&amp;h=AT13vxYbDxctue2qkS1FFuh-IXQ2VJP3EjQut_zaFTpSC-9yYCaWLhUieoDHZqk-qqN4EqNPaO5omRENxpC4BTne5BbYjx54Ps2wb2VRdAp87TlMuPCadaWrWQIQVxJH9BMH&amp;__tn__=q&amp;c[0]=AT2-lsRyQ-XfGPAg9NsbG-B8oNjc5vWsEvLxB4H3pVPmi1JzKETUx48XWceZnzGyu_uN8A8CFVwPDzJmrh_gdY_gPHmU3o1KCdMcwEcRZXUIoSmptLakg5S3t0qGhhs2Ra_PTFL3bMHFj2rfoT0Rn70xr6BM\" target=\"_blank\" rel=\"nofollow noopener\"><span style=\"vertical-align: inherit;\"><span style=\"vertical-align: inherit;\">https:\/\/soundcloud.com\/cl-ment-jaudeau<\/span><\/span><\/a><\/div>\n<div class=\"x11i5rnm xat24cr x1mh8g0r x1vvkbs xtlvy1s\"><\/div>\n<div class=\"x11i5rnm xat24cr x1mh8g0r x1vvkbs xtlvy1s\"><span style=\"vertical-align: inherit;\"><span style=\"vertical-align: inherit;\">&#8212;&#8212;&#8212;&#8212;&#8212;&#8212;&#8212;&#8212;&#8212;&#8212;&#8212;&#8212;&#8212;&#8212;&#8212;<\/span><\/span><\/div>\n<div class=\"x11i5rnm xat24cr x1mh8g0r x1vvkbs xtlvy1s\"><span style=\"vertical-align: inherit;\"><span style=\"vertical-align: inherit;\">Infos pratiques : <\/span><\/span><br \/>\n<span class=\"x3nfvp2 x1j61x8r x1fcty0u xdj266r xhhsvwb xat24cr xgzva0m xxymvpz xlup9mm x1kky2od\"><img loading=\"lazy\" decoding=\"async\" src=\"https:\/\/static.xx.fbcdn.net\/images\/emoji.php\/v9\/t86\/1.5\/16\/1f4cd.png\" alt=\"\ud83d\udccd\" width=\"16\" height=\"16\" \/><\/span><span style=\"vertical-align: inherit;\"><span style=\"vertical-align: inherit;\">\u00a097 Rue Taillebourg, 17100 Saintes <\/span><\/span><br \/>\n<span class=\"x3nfvp2 x1j61x8r x1fcty0u xdj266r xhhsvwb xat24cr xgzva0m xxymvpz xlup9mm x1kky2od\"><img loading=\"lazy\" decoding=\"async\" src=\"https:\/\/static.xx.fbcdn.net\/images\/emoji.php\/v9\/tc6\/1.5\/16\/1f698.png\" alt=\"\ud83d\ude98\" width=\"16\" height=\"16\" \/><\/span><span style=\"vertical-align: inherit;\"><span style=\"vertical-align: inherit;\">\u00a01h15 de Bordeaux <\/span><\/span><br \/>\n<span class=\"x3nfvp2 x1j61x8r x1fcty0u xdj266r xhhsvwb xat24cr xgzva0m xxymvpz xlup9mm x1kky2od\"><img loading=\"lazy\" decoding=\"async\" src=\"https:\/\/static.xx.fbcdn.net\/images\/emoji.php\/v9\/tc6\/1.5\/16\/1f698.png\" alt=\"\ud83d\ude98\" width=\"16\" height=\"16\" \/><\/span><span style=\"vertical-align: inherit;\"><span style=\"vertical-align: inherit;\">\u00a050 min de La Rochelle <\/span><\/span><br \/>\n<span class=\"x3nfvp2 x1j61x8r x1fcty0u xdj266r xhhsvwb xat24cr xgzva0m xxymvpz xlup9mm x1kky2od\"><img loading=\"lazy\" decoding=\"async\" src=\"https:\/\/static.xx.fbcdn.net\/images\/emoji.php\/v9\/tc6\/1.5\/16\/1f698.png\" alt=\"\ud83d\ude98\" width=\"16\" height=\"16\" \/><\/span><span style=\"vertical-align: inherit;\"><span style=\"vertical-align: inherit;\">\u00a050 min de Niort <\/span><\/span><br \/>\n<span class=\"x3nfvp2 x1j61x8r x1fcty0u xdj266r xhhsvwb xat24cr xgzva0m xxymvpz xlup9mm x1kky2od\"><img loading=\"lazy\" decoding=\"async\" src=\"https:\/\/static.xx.fbcdn.net\/images\/emoji.php\/v9\/tc6\/1.5\/16\/1f698.png\" alt=\"\ud83d\ude98\" width=\"16\" height=\"16\" \/><\/span><span style=\"vertical-align: inherit;\"><span style=\"vertical-align: inherit;\">\u00a01h de Angoul\u00eame <\/span><\/span><br \/>\n<span class=\"x3nfvp2 x1j61x8r x1fcty0u xdj266r xhhsvwb xat24cr xgzva0m xxymvpz xlup9mm x1kky2od\"><img loading=\"lazy\" decoding=\"async\" src=\"https:\/\/static.xx.fbcdn.net\/images\/emoji.php\/v9\/ta8\/1.5\/16\/1f689.png\" alt=\"\ud83d\ude89\" width=\"16\" height=\"16\" \/><\/span><span style=\"vertical-align: inherit;\"><span style=\"vertical-align: inherit;\">\u00a0Gare SNCF \u00e0 10 min \u00e0 pied <\/span><\/span><br \/>\n<span class=\"x3nfvp2 x1j61x8r x1fcty0u xdj266r xhhsvwb xat24cr xgzva0m xxymvpz xlup9mm x1kky2od\"><img loading=\"lazy\" decoding=\"async\" src=\"https:\/\/static.xx.fbcdn.net\/images\/emoji.php\/v9\/tf0\/1.5\/16\/1f69b.png\" alt=\"\ud83d\ude9b\" width=\"16\" height=\"16\" \/><\/span><span style=\"vertical-align: inherit;\"><span style=\"vertical-align: inherit;\">\u00a0Possibilit\u00e9 de venir avec tous types de v\u00e9hicule <\/span><\/span><br \/>\n<span class=\"x3nfvp2 x1j61x8r x1fcty0u xdj266r xhhsvwb xat24cr xgzva0m xxymvpz xlup9mm x1kky2od\"><img loading=\"lazy\" decoding=\"async\" src=\"https:\/\/static.xx.fbcdn.net\/images\/emoji.php\/v9\/t2c\/1.5\/16\/1f9bd.png\" alt=\"\ud83e\uddbd\" width=\"16\" height=\"16\" \/><\/span><span style=\"vertical-align: inherit;\"><span style=\"vertical-align: inherit;\">\u00a0Acc\u00e8s PMR <\/span><\/span><br \/>\n<span class=\"x3nfvp2 x1j61x8r x1fcty0u xdj266r xhhsvwb xat24cr xgzva0m xxymvpz xlup9mm x1kky2od\"><img loading=\"lazy\" decoding=\"async\" src=\"https:\/\/static.xx.fbcdn.net\/images\/emoji.php\/v9\/t4\/1.5\/16\/1f476.png\" alt=\"\ud83d\udc76\" width=\"16\" height=\"16\" \/><\/span><span style=\"vertical-align: inherit;\"><span style=\"vertical-align: inherit;\">\u00a0Mineurs accept\u00e9s avec accompagnant<\/span><\/span><\/div>\n<div class=\"x11i5rnm xat24cr x1mh8g0r x1vvkbs xtlvy1s\"><span style=\"vertical-align: inherit;\"><span style=\"vertical-align: inherit;\">&#8212;&#8212;&#8212;&#8212;&#8212;&#8212;&#8212;&#8212;&#8212;&#8212;&#8212;&#8212;&#8212;&#8212;&#8212; <\/span><\/span><br \/>\n<span style=\"vertical-align: inherit;\"><span style=\"vertical-align: inherit;\">Les Arts Souillent : qui sommes-nous ? <\/span><span style=\"vertical-align: inherit;\">Nous sommes une association \u00e0 but non lucratif, \u0153uvrant pour la musique, dans le respect et la tol\u00e9rance. <\/span><\/span><br \/>\n<span style=\"vertical-align: inherit;\"><span style=\"vertical-align: inherit;\">Ouverts, nous proposons tous les genres musicaux. <\/span><span style=\"vertical-align: inherit;\">Nous cherchons \u00e0 encourager les nouveaux talents de la sc\u00e8ne \u00e9lectronique et des nouveaux courants. <\/span><\/span><br \/>\n<span style=\"vertical-align: inherit;\"><span style=\"vertical-align: inherit;\">Nous convenons \u00e0 l&#8217;honneur de notre r\u00e9gion et \u00e0 l&#8217;art musical au travers de diff\u00e9rents \u00e9v\u00e9nements ! <\/span><\/span><br \/>\n<span style=\"vertical-align: inherit;\"><span style=\"vertical-align: inherit;\">Facebook :\u00a0 <\/span><\/span><a class=\"x1i10hfl xjbqb8w x6umtig x1b1mbwd xaqea5y xav7gou x9f619 x1ypdohk xt0psk2 xe8uvvx xdj266r x11i5rnm xat24cr x1mh8g0r xexx8yu x4uap5 x18d9i69 xkhd6sd x16tdsg8 x1hl2dhg xggy1nq x1a2a7pz xt0b8zv xzsf02u x1s688f\" tabindex=\"0\" role=\"link\" href=\"https:\/\/www.facebook.com\/artsouillent?__cft__[0]=AZVsPzlBNwFWzPGXiFm32RrFdd7p2Ubm0H2GthdrPfmdQF5fCA-xeLu9w6QT1JdTCoRKaLtiexiEb3t9L634xoPRAIAkrb7abfQcMGLug1ttiY8ntQPWvBOvA2nqJdOgDbI&amp;__tn__=q\"><span class=\"xt0psk2\"><span style=\"vertical-align: inherit;\"><span style=\"vertical-align: inherit;\">https:\/\/www.facebook.com\/artsouillent<\/span><\/span><\/span><\/a><br \/>\n<span style=\"vertical-align: inherit;\"><span style=\"vertical-align: inherit;\"> Instagram :\u00a0 <\/span><\/span><a class=\"x1i10hfl xjbqb8w x6umtig x1b1mbwd xaqea5y xav7gou x9f619 x1ypdohk xt0psk2 xe8uvvx xdj266r x11i5rnm xat24cr x1mh8g0r xexx8yu x4uap5 x18d9i69 xkhd6sd x16tdsg8 x1hl2dhg xggy1nq x1a2a7pz xt0b8zv x1fey0fg\" tabindex=\"0\" role=\"link\" href=\"https:\/\/www.instagram.com\/lesartssouillent\/?hl=fr&amp;fbclid=IwAR2BqhOZ28LVz2EmQLLeR7n_7q0FUIHK0UNSrBVY2P8i2TE9aZP55O3y8KQ\" target=\"_blank\" rel=\"nofollow noopener\"><span style=\"vertical-align: inherit;\"><span style=\"vertical-align: inherit;\">https:\/\/www.instagram.com\/lesartssouillent\/?hl=fr<\/span><\/span><\/a><br \/>\n<span style=\"vertical-align: inherit;\"><span style=\"vertical-align: inherit;\"> Discord : <\/span><\/span><br \/>\n<a class=\"x1i10hfl xjbqb8w x6umtig x1b1mbwd xaqea5y xav7gou x9f619 x1ypdohk xt0psk2 xe8uvvx xdj266r x11i5rnm xat24cr x1mh8g0r xexx8yu x4uap5 x18d9i69 xkhd6sd x16tdsg8 x1hl2dhg xggy1nq x1a2a7pz xt0b8zv x1fey0fg\" tabindex=\"0\" role=\"link\" href=\"https:\/\/discord.gg\/3rFQ2wW9?fbclid=IwAR1DWL17LnSyD2LAARqXv8suycJAZc9a80x405WmIuxQ_StFLCzCJ9e-qK4\" target=\"_blank\" rel=\"nofollow noopener\"><span style=\"vertical-align: inherit;\"><span style=\"vertical-align: inherit;\">https:\/\/discord.gg\/3rFQ2wW9<\/span><\/span><\/a><br \/>\n<span style=\"vertical-align: inherit;\"><span style=\"vertical-align: inherit;\"> Contact : contact.artssouillent@gmail. com <\/span><\/span><br \/>\n<span style=\"vertical-align: inherit;\"><span style=\"vertical-align: inherit;\">Nous soutenir :\u00a0 <\/span><\/span><a class=\"x1i10hfl xjbqb8w x6umtig x1b1mbwd xaqea5y xav7gou x9f619 x1ypdohk xt0psk2 xe8uvvx xdj266r x11i5rnm xat24cr x1mh8g0r xexx8yu x4uap5 x18d9i69 xkhd6sd x16tdsg8 x1hl2dhg xggy1nq x1a2a7pz xt0b8zv x1fey0fg\" tabindex=\"0\" role=\"link\" href=\"https:\/\/www.helloasso.com\/...\/les...\/adhesions\/bulletin-2023?fbclid=IwAR0Kgpm-3YPyN97vIkvoKaG91YfS8qyZBOMfFKulYlxrg1wRT1jHkdOgvH8\" target=\"_blank\" rel=\"nofollow noopener\"><span style=\"vertical-align: inherit;\"><span style=\"vertical-align: inherit;\"><span style=\"vertical-align: inherit;\"><span style=\"vertical-align: inherit;\">https:\/\/www.helloasso.com\/&#8230;\/les&#8230;\/adhesions\/bulletin-2023<\/span><\/span><\/span><\/span><\/a><\/div>\n","protected":false},"excerpt":{"rendered":"<p>&nbsp; L&#8217;association &#8221;\u00a0 \u00a0Les Arts Souillent\u00a0 \u00a0&#8221; vous convie pour une soir\u00e9e haute en couleur ! &#8212;&#8212;&#8212;&#8212;&#8212;&#8212;&#8212;&#8212;&#8212;&#8212;&#8212;&#8212;&#8212;&#8212;&#8212; \u00a0Entr\u00e9e prix libre &amp; conscient \u00a018h \u00e0 2h \u00a0Bar ( Bi\u00e8res locales, softs, vins ) &#8212;&#8212;&#8212;&#8212;&#8212;&#8212;&#8212;&#8212;&#8212;&#8212;&#8212;&#8212;&#8211; &#8212;&#8212;- Programmation : NYTO : Originaire de la Mayenne, Nyto d\u00e9couvre le mouvement techno avec le crew mayennais @Tribal Bass Karpediem en 2003. Il s&#8217;y investira quelque chose peut et s&#8217;int\u00e9ressera au live sur des machines analogiques. Par la suite, le mix est devenu une passion de part les multiples possibilit\u00e9s de sublimer divers genres de techno.. Amoureux des free-parties depuis maintenant 20 ans, il vous fera d\u00e9couvrir son univers !! Soundcloud :\u00a0 https:\/\/on.soundcloud.com\/diKym FABULOUS FAB : Fabien revient des usa apr\u00e8s plus de 20 ans, il a fait partie des collectifs LongHa.us et Opulent Temple Seattle, jou\u00e9 plusieurs fois \u00e0 BurningMan, Critical Massive, Seattle Erotic Arts Festival et le London Erotics festival en 2009. Il sera vous faire par de son univers musical avec nous ce samedi ! Facebook :\u00a0 https:\/\/www.facebook.com\/FabulousFab.Music HERTZ 23 : alias Mamoul a d\u00e9couvert l&#8217;univers de la musique \u00e9lectronique et de la free party \u00e0 l&#8217;\u00e2ge de 17 ans avec une bande de copains. Peu apr\u00e8s avoir fait quelques petites soir\u00e9es entre potes au nom de Antistatik, \u00e0 cette \u00e9poque l\u00e0 Hertz23 jouer de la trance\/ psy trance et techno puis quelques cr\u00e9ations de musiques exp\u00e9rimentales sur fruity loops, ces morceaux qu&#8217;il \u00e0 r\u00e9alis\u00e9s sont sur\u00a0 s2teuf.org . A une soir\u00e9e, il d\u00e9couvre le mixe vinyles sur de la tribe \/ hardtek dans le style Fky et depuis il n&#8217;a pas d\u00e9croch\u00e9. Il ach\u00e8te ces platines vinyle, table de mixage et ces premiers vinyles qui sont du Fky, Teknambul, DSP, Crystal D, 69 DB, R-Zac, Mr Freeze &#8230; Fondation d&#8217;un sound system qui se nomme Arenui au cours d\u00e9sign\u00e9 il ces divertis dans beaucoup de styles diff\u00e9rents. Aujourd&#8217;hui Hertz 23 mixe principalement de l&#8217;hardtek \/ tribe plus ou moins mental \/ acid tout comme la techno et l&#8217;hardcore. Vinyle : Le 23 : Le Ascender x Chab&#8217;z : Issus des soundsystems, Teknokrates et Arenui, Ce duo vous emm\u00e8nera pour un Live&#8217;n Mix avec Ascender et Chabz. Un set \u00e0 tendance plut\u00f4t Techno Berlinoise, avenante et dancefloor pour ne laisser aucun r\u00e9pit \u00e0 vos pieds dans l&#8217;oeil du Silo. Facebook : https:\/\/www.facebook.com\/DeltaSigma23 https:\/\/www.facebook.com\/impakt.teknokrates Soundcloud : https:\/\/soundcloud.com\/user-985079528 BIZZ : DJ fran\u00e7ais du Sud-Ouest de la France. C&#8217;est en 2012 qu&#8217;il a commenc\u00e9 \u00e0 s&#8217;int\u00e9resser vraiment \u00e0 la musique. Dans son plus jeune \u00e2ge, il f\u00fbt transmis par la culture jazz &amp; la musique psych\u00e9d\u00e9lique. Depuis plusieurs ann\u00e9es maintenant, il c\u00f4toie la culture Underground, c&#8217;est donc naturellement qu&#8217;il s&#8217;est pench\u00e9 vers la musique \u00e9lectronique. Tr\u00e8s \u00e9clectique dans son r\u00e9pertoire, il sait cr\u00e9er une ambiance avec une \u00e9nergie folle des mix et des lives qu&#8217;il a pu prouver sur plusieurs sc\u00e8nes du Sud-Ouest (Free Musique, Mill\u00e9sime, Respublica\u2026). Depuis 2018, il rentre dans l&#8217;association \u00ab Les Arts Souillent \u00bb, avec qui il compte \u00e9valu\u00e9 aujourd&#8217;hui ! Soundcloud :\u00a0 https:\/\/soundcloud.com\/cl-ment-jaudeau &#8212;&#8212;&#8212;&#8212;&#8212;&#8212;&#8212;&#8212;&#8212;&#8212;&#8212;&#8212;&#8212;&#8212;&#8212; Infos pratiques : \u00a097 Rue Taillebourg, 17100 Saintes \u00a01h15 de Bordeaux \u00a050 min de La Rochelle \u00a050 min de Niort \u00a01h de Angoul\u00eame \u00a0Gare SNCF \u00e0 10 min \u00e0 pied \u00a0Possibilit\u00e9 de venir avec tous types de v\u00e9hicule \u00a0Acc\u00e8s PMR \u00a0Mineurs accept\u00e9s avec accompagnant &#8212;&#8212;&#8212;&#8212;&#8212;&#8212;&#8212;&#8212;&#8212;&#8212;&#8212;&#8212;&#8212;&#8212;&#8212; Les Arts Souillent : qui sommes-nous ? Nous sommes une association \u00e0 but non lucratif, \u0153uvrant pour la musique, dans le respect et la tol\u00e9rance. Ouverts, nous proposons tous les genres musicaux. Nous cherchons \u00e0 encourager les nouveaux talents de la sc\u00e8ne \u00e9lectronique et des nouveaux courants. Nous convenons \u00e0 l&#8217;honneur de notre r\u00e9gion et \u00e0 l&#8217;art musical au travers de diff\u00e9rents \u00e9v\u00e9nements ! Facebook :\u00a0 https:\/\/www.facebook.com\/artsouillent Instagram :\u00a0 https:\/\/www.instagram.com\/lesartssouillent\/?hl=fr Discord : https:\/\/discord.gg\/3rFQ2wW9 Contact : contact.artssouillent@gmail. com Nous soutenir :\u00a0 https:\/\/www.helloasso.com\/&#8230;\/les&#8230;\/adhesions\/bulletin-2023<\/p>\n","protected":false},"author":1,"featured_media":0,"template":"","meta":{"_tribe_events_status":"","_tribe_events_status_reason":"","footnotes":""},"tags":[],"tribe_events_cat":[],"class_list":["post-2768","tribe_events","type-tribe_events","status-publish","hentry"],"yoast_head":"<!-- This site is optimized with the Yoast SEO plugin v27.5 - https:\/\/yoast.com\/product\/yoast-seo-wordpress\/ -->\n<title>SUBIT HOUSE - Dans l&#039;Oeil du Silo<\/title>\n<meta name=\"description\" content=\"L&#039;association &quot; \ud83e\udd8e Les Arts Souillent \ud83e\udd8e &quot; vous convie pour une soir\u00e9e haute en couleur dans l&#039;enceinte du silo !\" \/>\n<meta name=\"robots\" content=\"index, follow, max-snippet:-1, max-image-preview:large, max-video-preview:-1\" \/>\n<link rel=\"canonical\" href=\"https:\/\/www.dansloeildusilo.fr\/index.php\/event\/subit-house\/\" \/>\n<meta property=\"og:locale\" content=\"fr_FR\" \/>\n<meta property=\"og:type\" content=\"article\" \/>\n<meta property=\"og:title\" content=\"SUBIT HOUSE - Dans l&#039;Oeil du Silo\" \/>\n<meta property=\"og:description\" content=\"L&#039;association &quot; \ud83e\udd8e Les Arts Souillent \ud83e\udd8e &quot; vous convie pour une soir\u00e9e haute en couleur dans l&#039;enceinte du silo !\" \/>\n<meta property=\"og:url\" content=\"https:\/\/www.dansloeildusilo.fr\/index.php\/event\/subit-house\/\" \/>\n<meta property=\"og:site_name\" content=\"Dans l&#039;Oeil du Silo\" \/>\n<meta property=\"article:publisher\" content=\"https:\/\/www.facebook.com\/dansloeildusilo\" \/>\n<meta property=\"article:modified_time\" content=\"2023-05-10T12:20:14+00:00\" \/>\n<meta property=\"og:image\" content=\"https:\/\/www.dansloeildusilo.fr\/wp-content\/uploads\/2023\/05\/SUBIT-HOUSE-300x111.jpg\" \/>\n<meta name=\"twitter:card\" content=\"summary_large_image\" \/>\n<meta name=\"twitter:label1\" content=\"Dur\u00e9e de lecture estim\u00e9e\" \/>\n\t<meta name=\"twitter:data1\" content=\"6 minutes\" \/>\n<script type=\"application\/ld+json\" class=\"yoast-schema-graph\">{\"@context\":\"https:\\\/\\\/schema.org\",\"@graph\":[{\"@type\":\"WebPage\",\"@id\":\"https:\\\/\\\/www.dansloeildusilo.fr\\\/index.php\\\/event\\\/subit-house\\\/\",\"url\":\"https:\\\/\\\/www.dansloeildusilo.fr\\\/index.php\\\/event\\\/subit-house\\\/\",\"name\":\"SUBIT HOUSE - Dans l&#039;Oeil du Silo\",\"isPartOf\":{\"@id\":\"https:\\\/\\\/www.dansloeildusilo.fr\\\/#website\"},\"primaryImageOfPage\":{\"@id\":\"https:\\\/\\\/www.dansloeildusilo.fr\\\/index.php\\\/event\\\/subit-house\\\/#primaryimage\"},\"image\":{\"@id\":\"https:\\\/\\\/www.dansloeildusilo.fr\\\/index.php\\\/event\\\/subit-house\\\/#primaryimage\"},\"thumbnailUrl\":\"https:\\\/\\\/www.dansloeildusilo.fr\\\/wp-content\\\/uploads\\\/2023\\\/05\\\/SUBIT-HOUSE-300x111.jpg\",\"datePublished\":\"2023-05-10T12:10:40+00:00\",\"dateModified\":\"2023-05-10T12:20:14+00:00\",\"description\":\"L'association \\\" \ud83e\udd8e Les Arts Souillent \ud83e\udd8e \\\" vous convie pour une soir\u00e9e haute en couleur dans l'enceinte du silo !\",\"breadcrumb\":{\"@id\":\"https:\\\/\\\/www.dansloeildusilo.fr\\\/index.php\\\/event\\\/subit-house\\\/#breadcrumb\"},\"inLanguage\":\"fr-FR\",\"potentialAction\":[{\"@type\":\"ReadAction\",\"target\":[\"https:\\\/\\\/www.dansloeildusilo.fr\\\/index.php\\\/event\\\/subit-house\\\/\"]}]},{\"@type\":\"ImageObject\",\"inLanguage\":\"fr-FR\",\"@id\":\"https:\\\/\\\/www.dansloeildusilo.fr\\\/index.php\\\/event\\\/subit-house\\\/#primaryimage\",\"url\":\"\",\"contentUrl\":\"\"},{\"@type\":\"BreadcrumbList\",\"@id\":\"https:\\\/\\\/www.dansloeildusilo.fr\\\/index.php\\\/event\\\/subit-house\\\/#breadcrumb\",\"itemListElement\":[{\"@type\":\"ListItem\",\"position\":1,\"name\":\"Accueil\",\"item\":\"https:\\\/\\\/www.dansloeildusilo.fr\\\/\"},{\"@type\":\"ListItem\",\"position\":2,\"name\":\"Events\",\"item\":\"https:\\\/\\\/www.dansloeildusilo.fr\\\/index.php\\\/events\\\/\"},{\"@type\":\"ListItem\",\"position\":3,\"name\":\"SUBIT HOUSE\"}]},{\"@type\":\"WebSite\",\"@id\":\"https:\\\/\\\/www.dansloeildusilo.fr\\\/#website\",\"url\":\"https:\\\/\\\/www.dansloeildusilo.fr\\\/\",\"name\":\"DANS L\u0152IL DU SILO\",\"description\":\"Coop\u00e9rative Culturelle\",\"publisher\":{\"@id\":\"https:\\\/\\\/www.dansloeildusilo.fr\\\/#organization\"},\"potentialAction\":[{\"@type\":\"SearchAction\",\"target\":{\"@type\":\"EntryPoint\",\"urlTemplate\":\"https:\\\/\\\/www.dansloeildusilo.fr\\\/?s={search_term_string}\"},\"query-input\":{\"@type\":\"PropertyValueSpecification\",\"valueRequired\":true,\"valueName\":\"search_term_string\"}}],\"inLanguage\":\"fr-FR\"},{\"@type\":\"Organization\",\"@id\":\"https:\\\/\\\/www.dansloeildusilo.fr\\\/#organization\",\"name\":\"DANS L'\u0152IL DU SILO\",\"url\":\"https:\\\/\\\/www.dansloeildusilo.fr\\\/\",\"logo\":{\"@type\":\"ImageObject\",\"inLanguage\":\"fr-FR\",\"@id\":\"https:\\\/\\\/www.dansloeildusilo.fr\\\/#\\\/schema\\\/logo\\\/image\\\/\",\"url\":\"https:\\\/\\\/www.dansloeildusilo.fr\\\/wp-content\\\/uploads\\\/2022\\\/10\\\/oeil-silo-trans-1.png\",\"contentUrl\":\"https:\\\/\\\/www.dansloeildusilo.fr\\\/wp-content\\\/uploads\\\/2022\\\/10\\\/oeil-silo-trans-1.png\",\"width\":500,\"height\":500,\"caption\":\"DANS L'\u0152IL DU SILO\"},\"image\":{\"@id\":\"https:\\\/\\\/www.dansloeildusilo.fr\\\/#\\\/schema\\\/logo\\\/image\\\/\"},\"sameAs\":[\"https:\\\/\\\/www.facebook.com\\\/dansloeildusilo\",\"https:\\\/\\\/www.youtube.com\\\/channel\\\/UCVZ9Xc6sSsztMSiK5DFnrlA\",\"https:\\\/\\\/www.instagram.com\\\/dansloeildusilo\\\/\"]}]}<\/script>\n<!-- \/ Yoast SEO plugin. -->","yoast_head_json":{"title":"SUBIT HOUSE - Dans l&#039;Oeil du Silo","description":"L'association \" \ud83e\udd8e Les Arts Souillent \ud83e\udd8e \" vous convie pour une soir\u00e9e haute en couleur dans l'enceinte du silo !","robots":{"index":"index","follow":"follow","max-snippet":"max-snippet:-1","max-image-preview":"max-image-preview:large","max-video-preview":"max-video-preview:-1"},"canonical":"https:\/\/www.dansloeildusilo.fr\/index.php\/event\/subit-house\/","og_locale":"fr_FR","og_type":"article","og_title":"SUBIT HOUSE - Dans l&#039;Oeil du Silo","og_description":"L'association \" \ud83e\udd8e Les Arts Souillent \ud83e\udd8e \" vous convie pour une soir\u00e9e haute en couleur dans l'enceinte du silo !","og_url":"https:\/\/www.dansloeildusilo.fr\/index.php\/event\/subit-house\/","og_site_name":"Dans l&#039;Oeil du Silo","article_publisher":"https:\/\/www.facebook.com\/dansloeildusilo","article_modified_time":"2023-05-10T12:20:14+00:00","og_image":[{"url":"https:\/\/www.dansloeildusilo.fr\/wp-content\/uploads\/2023\/05\/SUBIT-HOUSE-300x111.jpg","type":"","width":"","height":""}],"twitter_card":"summary_large_image","twitter_misc":{"Dur\u00e9e de lecture estim\u00e9e":"6 minutes"},"schema":{"@context":"https:\/\/schema.org","@graph":[{"@type":"WebPage","@id":"https:\/\/www.dansloeildusilo.fr\/index.php\/event\/subit-house\/","url":"https:\/\/www.dansloeildusilo.fr\/index.php\/event\/subit-house\/","name":"SUBIT HOUSE - Dans l&#039;Oeil du Silo","isPartOf":{"@id":"https:\/\/www.dansloeildusilo.fr\/#website"},"primaryImageOfPage":{"@id":"https:\/\/www.dansloeildusilo.fr\/index.php\/event\/subit-house\/#primaryimage"},"image":{"@id":"https:\/\/www.dansloeildusilo.fr\/index.php\/event\/subit-house\/#primaryimage"},"thumbnailUrl":"https:\/\/www.dansloeildusilo.fr\/wp-content\/uploads\/2023\/05\/SUBIT-HOUSE-300x111.jpg","datePublished":"2023-05-10T12:10:40+00:00","dateModified":"2023-05-10T12:20:14+00:00","description":"L'association \" \ud83e\udd8e Les Arts Souillent \ud83e\udd8e \" vous convie pour une soir\u00e9e haute en couleur dans l'enceinte du silo !","breadcrumb":{"@id":"https:\/\/www.dansloeildusilo.fr\/index.php\/event\/subit-house\/#breadcrumb"},"inLanguage":"fr-FR","potentialAction":[{"@type":"ReadAction","target":["https:\/\/www.dansloeildusilo.fr\/index.php\/event\/subit-house\/"]}]},{"@type":"ImageObject","inLanguage":"fr-FR","@id":"https:\/\/www.dansloeildusilo.fr\/index.php\/event\/subit-house\/#primaryimage","url":"","contentUrl":""},{"@type":"BreadcrumbList","@id":"https:\/\/www.dansloeildusilo.fr\/index.php\/event\/subit-house\/#breadcrumb","itemListElement":[{"@type":"ListItem","position":1,"name":"Accueil","item":"https:\/\/www.dansloeildusilo.fr\/"},{"@type":"ListItem","position":2,"name":"Events","item":"https:\/\/www.dansloeildusilo.fr\/index.php\/events\/"},{"@type":"ListItem","position":3,"name":"SUBIT HOUSE"}]},{"@type":"WebSite","@id":"https:\/\/www.dansloeildusilo.fr\/#website","url":"https:\/\/www.dansloeildusilo.fr\/","name":"DANS L\u0152IL DU SILO","description":"Coop\u00e9rative Culturelle","publisher":{"@id":"https:\/\/www.dansloeildusilo.fr\/#organization"},"potentialAction":[{"@type":"SearchAction","target":{"@type":"EntryPoint","urlTemplate":"https:\/\/www.dansloeildusilo.fr\/?s={search_term_string}"},"query-input":{"@type":"PropertyValueSpecification","valueRequired":true,"valueName":"search_term_string"}}],"inLanguage":"fr-FR"},{"@type":"Organization","@id":"https:\/\/www.dansloeildusilo.fr\/#organization","name":"DANS L'\u0152IL DU SILO","url":"https:\/\/www.dansloeildusilo.fr\/","logo":{"@type":"ImageObject","inLanguage":"fr-FR","@id":"https:\/\/www.dansloeildusilo.fr\/#\/schema\/logo\/image\/","url":"https:\/\/www.dansloeildusilo.fr\/wp-content\/uploads\/2022\/10\/oeil-silo-trans-1.png","contentUrl":"https:\/\/www.dansloeildusilo.fr\/wp-content\/uploads\/2022\/10\/oeil-silo-trans-1.png","width":500,"height":500,"caption":"DANS L'\u0152IL DU SILO"},"image":{"@id":"https:\/\/www.dansloeildusilo.fr\/#\/schema\/logo\/image\/"},"sameAs":["https:\/\/www.facebook.com\/dansloeildusilo","https:\/\/www.youtube.com\/channel\/UCVZ9Xc6sSsztMSiK5DFnrlA","https:\/\/www.instagram.com\/dansloeildusilo\/"]}]}},"_links":{"self":[{"href":"https:\/\/www.dansloeildusilo.fr\/index.php\/wp-json\/wp\/v2\/tribe_events\/2768","targetHints":{"allow":["GET"]}}],"collection":[{"href":"https:\/\/www.dansloeildusilo.fr\/index.php\/wp-json\/wp\/v2\/tribe_events"}],"about":[{"href":"https:\/\/www.dansloeildusilo.fr\/index.php\/wp-json\/wp\/v2\/types\/tribe_events"}],"author":[{"embeddable":true,"href":"https:\/\/www.dansloeildusilo.fr\/index.php\/wp-json\/wp\/v2\/users\/1"}],"version-history":[{"count":3,"href":"https:\/\/www.dansloeildusilo.fr\/index.php\/wp-json\/wp\/v2\/tribe_events\/2768\/revisions"}],"predecessor-version":[{"id":2773,"href":"https:\/\/www.dansloeildusilo.fr\/index.php\/wp-json\/wp\/v2\/tribe_events\/2768\/revisions\/2773"}],"wp:attachment":[{"href":"https:\/\/www.dansloeildusilo.fr\/index.php\/wp-json\/wp\/v2\/media?parent=2768"}],"wp:term":[{"taxonomy":"post_tag","embeddable":true,"href":"https:\/\/www.dansloeildusilo.fr\/index.php\/wp-json\/wp\/v2\/tags?post=2768"},{"taxonomy":"tribe_events_cat","embeddable":true,"href":"https:\/\/www.dansloeildusilo.fr\/index.php\/wp-json\/wp\/v2\/tribe_events_cat?post=2768"}],"curies":[{"name":"wp","href":"https:\/\/api.w.org\/{rel}","templated":true}]}}