{"id":1644,"date":"2022-11-09T16:11:23","date_gmt":"2022-11-09T15:11:23","guid":{"rendered":"https:\/\/www.dansloeildusilo.fr\/?post_type=tribe_events&#038;p=1644"},"modified":"2022-11-25T22:55:58","modified_gmt":"2022-11-25T21:55:58","slug":"marche-des-createurs-du-silo","status":"publish","type":"tribe_events","link":"https:\/\/www.dansloeildusilo.fr\/index.php\/event\/marche-des-createurs-du-silo\/","title":{"rendered":"March\u00e9 des Cr\u00e9ateurs du Silo"},"content":{"rendered":"<p><img fetchpriority=\"high\" decoding=\"async\" class=\"alignnone wp-image-1647\" src=\"http:\/\/www.dansloeildusilo.fr\/wp-content\/uploads\/2022\/11\/marche-de-createur-300x158.jpg\" alt=\"\" width=\"688\" height=\"362\" \/><\/p>\n<div><\/div>\n<div><\/div>\n<div><\/div>\n<div><\/div>\n<div class=\"x11i5rnm xat24cr x1mh8g0r x1vvkbs xdj266r\"><span style=\"vertical-align: inherit;\"><span style=\"vertical-align: inherit;\"><span style=\"vertical-align: inherit;\"><span style=\"vertical-align: inherit;\"><span style=\"vertical-align: inherit;\"><span style=\"vertical-align: inherit;\"><span style=\"vertical-align: inherit;\"><span style=\"vertical-align: inherit;\"><span style=\"vertical-align: inherit;\"><span style=\"vertical-align: inherit;\">C&#8217;est reparti pour une nouvelle \u00e9dition du march\u00e9 des cr\u00e9ateurs de No\u00ebl au Silo.<\/span><\/span><\/span><\/span><\/span><\/span><\/span><\/span><\/span><\/span><\/div>\n<div class=\"x11i5rnm xat24cr x1mh8g0r x1vvkbs xtlvy1s\"><span style=\"vertical-align: inherit;\"><span style=\"vertical-align: inherit;\"><span style=\"vertical-align: inherit;\"><span style=\"vertical-align: inherit;\"><span style=\"vertical-align: inherit;\"><span style=\"vertical-align: inherit;\"><span style=\"vertical-align: inherit;\"><span style=\"vertical-align: inherit;\"><span style=\"vertical-align: inherit;\"><span style=\"vertical-align: inherit;\">On se donne donc rendez-vous le dimanche 18 d\u00e9cembre pour venir faire le plein de cadeaux et d\u00e9couvrir des cr\u00e9ateurs, artisans et producteurs de notre belle r\u00e9gion. <\/span><\/span><\/span><\/span><\/span><\/span><\/span><\/span><\/span><\/span><br \/>\n<span style=\"vertical-align: inherit;\"><span style=\"vertical-align: inherit;\"><span style=\"vertical-align: inherit;\"><span style=\"vertical-align: inherit;\"><span style=\"vertical-align: inherit;\"><span style=\"vertical-align: inherit;\"><span style=\"vertical-align: inherit;\"><span style=\"vertical-align: inherit;\"><span style=\"vertical-align: inherit;\"><span style=\"vertical-align: inherit;\">Tous les jours sur notre page et dans l&#8217;\u00e9v\u00e9nement nous vous pr\u00e9sentons les exposants pr\u00e9sents pour ce march\u00e9 alors restez connect\u00e9s ! <\/span><\/span><\/span><\/span><\/span><\/span><\/span><\/span><\/span><span style=\"vertical-align: inherit;\"><span style=\"vertical-align: inherit;\"><span style=\"vertical-align: inherit;\"><span style=\"vertical-align: inherit;\"><span style=\"vertical-align: inherit;\"><span style=\"vertical-align: inherit;\"><span style=\"vertical-align: inherit;\"><span style=\"vertical-align: inherit;\"><span style=\"vertical-align: inherit;\">Gros pull fortement conseill\u00e9 en raison du grand froid de l&#8217;hiver au Silo.<\/span><\/span><\/span><\/span><\/span><\/span><\/span><\/span><\/span><\/span><\/div>\n<div class=\"x11i5rnm xat24cr x1mh8g0r x1vvkbs xtlvy1s\"><\/div>\n<div class=\"x11i5rnm xat24cr x1mh8g0r x1vvkbs xtlvy1s\"><span style=\"vertical-align: inherit;\"><span style=\"vertical-align: inherit;\"><span style=\"vertical-align: inherit;\"><span style=\"vertical-align: inherit;\"><span style=\"vertical-align: inherit;\"><span style=\"vertical-align: inherit;\"><span style=\"vertical-align: inherit;\"><span style=\"vertical-align: inherit;\"><span style=\"vertical-align: inherit;\"><span style=\"vertical-align: inherit;\">Entr\u00e9e Libre <\/span><\/span><\/span><\/span><\/span><\/span><\/span><\/span><\/span><\/span><br \/>\n<span style=\"vertical-align: inherit;\"><span style=\"vertical-align: inherit;\"><span style=\"vertical-align: inherit;\"><span style=\"vertical-align: inherit;\"><span style=\"vertical-align: inherit;\"><span style=\"vertical-align: inherit;\"><span style=\"vertical-align: inherit;\"><span style=\"vertical-align: inherit;\"><span style=\"vertical-align: inherit;\"><span style=\"vertical-align: inherit;\">Bar et restauration sur place <\/span><\/span><\/span><\/span><\/span><\/span><\/span><\/span><\/span><\/span><br \/>\n<span style=\"vertical-align: inherit;\"><span style=\"vertical-align: inherit;\"><span style=\"vertical-align: inherit;\"><span style=\"vertical-align: inherit;\"><span style=\"vertical-align: inherit;\"><span style=\"vertical-align: inherit;\"><span style=\"vertical-align: inherit;\"><span style=\"vertical-align: inherit;\"><span style=\"vertical-align: inherit;\"><span style=\"vertical-align: inherit;\">Parking<\/span><\/span><\/span><\/span><\/span><\/span><\/span><\/span><\/span><\/span><\/div>\n","protected":false},"excerpt":{"rendered":"<p>C&#8217;est reparti pour une nouvelle \u00e9dition du march\u00e9 des cr\u00e9ateurs de No\u00ebl au Silo. On se donne donc rendez-vous le dimanche 18 d\u00e9cembre pour venir faire le plein de cadeaux et d\u00e9couvrir des cr\u00e9ateurs, artisans et producteurs de notre belle r\u00e9gion. Tous les jours sur notre page et dans l&#8217;\u00e9v\u00e9nement nous vous pr\u00e9sentons les exposants pr\u00e9sents pour ce march\u00e9 alors restez connect\u00e9s ! Gros pull fortement conseill\u00e9 en raison du grand froid de l&#8217;hiver au Silo. Entr\u00e9e Libre Bar et restauration sur place Parking<\/p>\n","protected":false},"author":1,"featured_media":0,"template":"","meta":{"_tribe_events_status":"","_tribe_events_status_reason":"","footnotes":""},"tags":[],"tribe_events_cat":[],"class_list":["post-1644","tribe_events","type-tribe_events","status-publish","hentry"],"yoast_head":"<!-- This site is optimized with the Yoast SEO plugin v27.5 - https:\/\/yoast.com\/product\/yoast-seo-wordpress\/ -->\n<title>March\u00e9 des Cr\u00e9ateurs du Silo - Dans l&#039;Oeil du Silo<\/title>\n<meta name=\"description\" content=\"C&#039;est repartit pour une nouvelle \u00e9dition du march\u00e9 des cr\u00e9ateurs de No\u00ebl au Silo. 18 d\u00e9cembre de 10h \u00e0 18h.\" \/>\n<meta name=\"robots\" content=\"index, follow, max-snippet:-1, max-image-preview:large, max-video-preview:-1\" \/>\n<link rel=\"canonical\" href=\"https:\/\/www.dansloeildusilo.fr\/index.php\/event\/marche-des-createurs-du-silo\/\" \/>\n<meta property=\"og:locale\" content=\"fr_FR\" \/>\n<meta property=\"og:type\" content=\"article\" \/>\n<meta property=\"og:title\" content=\"March\u00e9 des Cr\u00e9ateurs du Silo - Dans l&#039;Oeil du Silo\" \/>\n<meta property=\"og:description\" content=\"C&#039;est repartit pour une nouvelle \u00e9dition du march\u00e9 des cr\u00e9ateurs de No\u00ebl au Silo. 18 d\u00e9cembre de 10h \u00e0 18h.\" \/>\n<meta property=\"og:url\" content=\"https:\/\/www.dansloeildusilo.fr\/index.php\/event\/marche-des-createurs-du-silo\/\" \/>\n<meta property=\"og:site_name\" content=\"Dans l&#039;Oeil du Silo\" \/>\n<meta property=\"article:publisher\" content=\"https:\/\/www.facebook.com\/dansloeildusilo\" \/>\n<meta property=\"article:modified_time\" content=\"2022-11-25T21:55:58+00:00\" \/>\n<meta property=\"og:image\" content=\"http:\/\/www.dansloeildusilo.fr\/wp-content\/uploads\/2022\/11\/marche-de-createur-300x158.jpg\" \/>\n<meta name=\"twitter:card\" content=\"summary_large_image\" \/>\n<meta name=\"twitter:label1\" content=\"Dur\u00e9e de lecture estim\u00e9e\" \/>\n\t<meta name=\"twitter:data1\" content=\"1 minute\" \/>\n<script type=\"application\/ld+json\" class=\"yoast-schema-graph\">{\"@context\":\"https:\\\/\\\/schema.org\",\"@graph\":[{\"@type\":\"WebPage\",\"@id\":\"https:\\\/\\\/www.dansloeildusilo.fr\\\/index.php\\\/event\\\/marche-des-createurs-du-silo\\\/\",\"url\":\"https:\\\/\\\/www.dansloeildusilo.fr\\\/index.php\\\/event\\\/marche-des-createurs-du-silo\\\/\",\"name\":\"March\u00e9 des Cr\u00e9ateurs du Silo - Dans l&#039;Oeil du Silo\",\"isPartOf\":{\"@id\":\"https:\\\/\\\/www.dansloeildusilo.fr\\\/#website\"},\"primaryImageOfPage\":{\"@id\":\"https:\\\/\\\/www.dansloeildusilo.fr\\\/index.php\\\/event\\\/marche-des-createurs-du-silo\\\/#primaryimage\"},\"image\":{\"@id\":\"https:\\\/\\\/www.dansloeildusilo.fr\\\/index.php\\\/event\\\/marche-des-createurs-du-silo\\\/#primaryimage\"},\"thumbnailUrl\":\"http:\\\/\\\/www.dansloeildusilo.fr\\\/wp-content\\\/uploads\\\/2022\\\/11\\\/marche-de-createur-300x158.jpg\",\"datePublished\":\"2022-11-09T15:11:23+00:00\",\"dateModified\":\"2022-11-25T21:55:58+00:00\",\"description\":\"C'est repartit pour une nouvelle \u00e9dition du march\u00e9 des cr\u00e9ateurs de No\u00ebl au Silo. 18 d\u00e9cembre de 10h \u00e0 18h.\",\"breadcrumb\":{\"@id\":\"https:\\\/\\\/www.dansloeildusilo.fr\\\/index.php\\\/event\\\/marche-des-createurs-du-silo\\\/#breadcrumb\"},\"inLanguage\":\"fr-FR\",\"potentialAction\":[{\"@type\":\"ReadAction\",\"target\":[\"https:\\\/\\\/www.dansloeildusilo.fr\\\/index.php\\\/event\\\/marche-des-createurs-du-silo\\\/\"]}]},{\"@type\":\"ImageObject\",\"inLanguage\":\"fr-FR\",\"@id\":\"https:\\\/\\\/www.dansloeildusilo.fr\\\/index.php\\\/event\\\/marche-des-createurs-du-silo\\\/#primaryimage\",\"url\":\"http:\\\/\\\/www.dansloeildusilo.fr\\\/wp-content\\\/uploads\\\/2022\\\/11\\\/marche-de-createur-300x158.jpg\",\"contentUrl\":\"http:\\\/\\\/www.dansloeildusilo.fr\\\/wp-content\\\/uploads\\\/2022\\\/11\\\/marche-de-createur-300x158.jpg\"},{\"@type\":\"BreadcrumbList\",\"@id\":\"https:\\\/\\\/www.dansloeildusilo.fr\\\/index.php\\\/event\\\/marche-des-createurs-du-silo\\\/#breadcrumb\",\"itemListElement\":[{\"@type\":\"ListItem\",\"position\":1,\"name\":\"Accueil\",\"item\":\"https:\\\/\\\/www.dansloeildusilo.fr\\\/\"},{\"@type\":\"ListItem\",\"position\":2,\"name\":\"Events\",\"item\":\"https:\\\/\\\/www.dansloeildusilo.fr\\\/index.php\\\/events\\\/\"},{\"@type\":\"ListItem\",\"position\":3,\"name\":\"March\u00e9 des Cr\u00e9ateurs du Silo\"}]},{\"@type\":\"WebSite\",\"@id\":\"https:\\\/\\\/www.dansloeildusilo.fr\\\/#website\",\"url\":\"https:\\\/\\\/www.dansloeildusilo.fr\\\/\",\"name\":\"DANS L\u0152IL DU SILO\",\"description\":\"Coop\u00e9rative Culturelle\",\"publisher\":{\"@id\":\"https:\\\/\\\/www.dansloeildusilo.fr\\\/#organization\"},\"potentialAction\":[{\"@type\":\"SearchAction\",\"target\":{\"@type\":\"EntryPoint\",\"urlTemplate\":\"https:\\\/\\\/www.dansloeildusilo.fr\\\/?s={search_term_string}\"},\"query-input\":{\"@type\":\"PropertyValueSpecification\",\"valueRequired\":true,\"valueName\":\"search_term_string\"}}],\"inLanguage\":\"fr-FR\"},{\"@type\":\"Organization\",\"@id\":\"https:\\\/\\\/www.dansloeildusilo.fr\\\/#organization\",\"name\":\"DANS L'\u0152IL DU SILO\",\"url\":\"https:\\\/\\\/www.dansloeildusilo.fr\\\/\",\"logo\":{\"@type\":\"ImageObject\",\"inLanguage\":\"fr-FR\",\"@id\":\"https:\\\/\\\/www.dansloeildusilo.fr\\\/#\\\/schema\\\/logo\\\/image\\\/\",\"url\":\"https:\\\/\\\/www.dansloeildusilo.fr\\\/wp-content\\\/uploads\\\/2022\\\/10\\\/oeil-silo-trans-1.png\",\"contentUrl\":\"https:\\\/\\\/www.dansloeildusilo.fr\\\/wp-content\\\/uploads\\\/2022\\\/10\\\/oeil-silo-trans-1.png\",\"width\":500,\"height\":500,\"caption\":\"DANS L'\u0152IL DU SILO\"},\"image\":{\"@id\":\"https:\\\/\\\/www.dansloeildusilo.fr\\\/#\\\/schema\\\/logo\\\/image\\\/\"},\"sameAs\":[\"https:\\\/\\\/www.facebook.com\\\/dansloeildusilo\",\"https:\\\/\\\/www.youtube.com\\\/channel\\\/UCVZ9Xc6sSsztMSiK5DFnrlA\",\"https:\\\/\\\/www.instagram.com\\\/dansloeildusilo\\\/\"]}]}<\/script>\n<!-- \/ Yoast SEO plugin. -->","yoast_head_json":{"title":"March\u00e9 des Cr\u00e9ateurs du Silo - Dans l&#039;Oeil du Silo","description":"C'est repartit pour une nouvelle \u00e9dition du march\u00e9 des cr\u00e9ateurs de No\u00ebl au Silo. 18 d\u00e9cembre de 10h \u00e0 18h.","robots":{"index":"index","follow":"follow","max-snippet":"max-snippet:-1","max-image-preview":"max-image-preview:large","max-video-preview":"max-video-preview:-1"},"canonical":"https:\/\/www.dansloeildusilo.fr\/index.php\/event\/marche-des-createurs-du-silo\/","og_locale":"fr_FR","og_type":"article","og_title":"March\u00e9 des Cr\u00e9ateurs du Silo - Dans l&#039;Oeil du Silo","og_description":"C'est repartit pour une nouvelle \u00e9dition du march\u00e9 des cr\u00e9ateurs de No\u00ebl au Silo. 18 d\u00e9cembre de 10h \u00e0 18h.","og_url":"https:\/\/www.dansloeildusilo.fr\/index.php\/event\/marche-des-createurs-du-silo\/","og_site_name":"Dans l&#039;Oeil du Silo","article_publisher":"https:\/\/www.facebook.com\/dansloeildusilo","article_modified_time":"2022-11-25T21:55:58+00:00","og_image":[{"url":"http:\/\/www.dansloeildusilo.fr\/wp-content\/uploads\/2022\/11\/marche-de-createur-300x158.jpg","type":"","width":"","height":""}],"twitter_card":"summary_large_image","twitter_misc":{"Dur\u00e9e de lecture estim\u00e9e":"1 minute"},"schema":{"@context":"https:\/\/schema.org","@graph":[{"@type":"WebPage","@id":"https:\/\/www.dansloeildusilo.fr\/index.php\/event\/marche-des-createurs-du-silo\/","url":"https:\/\/www.dansloeildusilo.fr\/index.php\/event\/marche-des-createurs-du-silo\/","name":"March\u00e9 des Cr\u00e9ateurs du Silo - Dans l&#039;Oeil du Silo","isPartOf":{"@id":"https:\/\/www.dansloeildusilo.fr\/#website"},"primaryImageOfPage":{"@id":"https:\/\/www.dansloeildusilo.fr\/index.php\/event\/marche-des-createurs-du-silo\/#primaryimage"},"image":{"@id":"https:\/\/www.dansloeildusilo.fr\/index.php\/event\/marche-des-createurs-du-silo\/#primaryimage"},"thumbnailUrl":"http:\/\/www.dansloeildusilo.fr\/wp-content\/uploads\/2022\/11\/marche-de-createur-300x158.jpg","datePublished":"2022-11-09T15:11:23+00:00","dateModified":"2022-11-25T21:55:58+00:00","description":"C'est repartit pour une nouvelle \u00e9dition du march\u00e9 des cr\u00e9ateurs de No\u00ebl au Silo. 18 d\u00e9cembre de 10h \u00e0 18h.","breadcrumb":{"@id":"https:\/\/www.dansloeildusilo.fr\/index.php\/event\/marche-des-createurs-du-silo\/#breadcrumb"},"inLanguage":"fr-FR","potentialAction":[{"@type":"ReadAction","target":["https:\/\/www.dansloeildusilo.fr\/index.php\/event\/marche-des-createurs-du-silo\/"]}]},{"@type":"ImageObject","inLanguage":"fr-FR","@id":"https:\/\/www.dansloeildusilo.fr\/index.php\/event\/marche-des-createurs-du-silo\/#primaryimage","url":"http:\/\/www.dansloeildusilo.fr\/wp-content\/uploads\/2022\/11\/marche-de-createur-300x158.jpg","contentUrl":"http:\/\/www.dansloeildusilo.fr\/wp-content\/uploads\/2022\/11\/marche-de-createur-300x158.jpg"},{"@type":"BreadcrumbList","@id":"https:\/\/www.dansloeildusilo.fr\/index.php\/event\/marche-des-createurs-du-silo\/#breadcrumb","itemListElement":[{"@type":"ListItem","position":1,"name":"Accueil","item":"https:\/\/www.dansloeildusilo.fr\/"},{"@type":"ListItem","position":2,"name":"Events","item":"https:\/\/www.dansloeildusilo.fr\/index.php\/events\/"},{"@type":"ListItem","position":3,"name":"March\u00e9 des Cr\u00e9ateurs du Silo"}]},{"@type":"WebSite","@id":"https:\/\/www.dansloeildusilo.fr\/#website","url":"https:\/\/www.dansloeildusilo.fr\/","name":"DANS L\u0152IL DU SILO","description":"Coop\u00e9rative Culturelle","publisher":{"@id":"https:\/\/www.dansloeildusilo.fr\/#organization"},"potentialAction":[{"@type":"SearchAction","target":{"@type":"EntryPoint","urlTemplate":"https:\/\/www.dansloeildusilo.fr\/?s={search_term_string}"},"query-input":{"@type":"PropertyValueSpecification","valueRequired":true,"valueName":"search_term_string"}}],"inLanguage":"fr-FR"},{"@type":"Organization","@id":"https:\/\/www.dansloeildusilo.fr\/#organization","name":"DANS L'\u0152IL DU SILO","url":"https:\/\/www.dansloeildusilo.fr\/","logo":{"@type":"ImageObject","inLanguage":"fr-FR","@id":"https:\/\/www.dansloeildusilo.fr\/#\/schema\/logo\/image\/","url":"https:\/\/www.dansloeildusilo.fr\/wp-content\/uploads\/2022\/10\/oeil-silo-trans-1.png","contentUrl":"https:\/\/www.dansloeildusilo.fr\/wp-content\/uploads\/2022\/10\/oeil-silo-trans-1.png","width":500,"height":500,"caption":"DANS L'\u0152IL DU SILO"},"image":{"@id":"https:\/\/www.dansloeildusilo.fr\/#\/schema\/logo\/image\/"},"sameAs":["https:\/\/www.facebook.com\/dansloeildusilo","https:\/\/www.youtube.com\/channel\/UCVZ9Xc6sSsztMSiK5DFnrlA","https:\/\/www.instagram.com\/dansloeildusilo\/"]}]}},"_links":{"self":[{"href":"https:\/\/www.dansloeildusilo.fr\/index.php\/wp-json\/wp\/v2\/tribe_events\/1644","targetHints":{"allow":["GET"]}}],"collection":[{"href":"https:\/\/www.dansloeildusilo.fr\/index.php\/wp-json\/wp\/v2\/tribe_events"}],"about":[{"href":"https:\/\/www.dansloeildusilo.fr\/index.php\/wp-json\/wp\/v2\/types\/tribe_events"}],"author":[{"embeddable":true,"href":"https:\/\/www.dansloeildusilo.fr\/index.php\/wp-json\/wp\/v2\/users\/1"}],"version-history":[{"count":6,"href":"https:\/\/www.dansloeildusilo.fr\/index.php\/wp-json\/wp\/v2\/tribe_events\/1644\/revisions"}],"predecessor-version":[{"id":1896,"href":"https:\/\/www.dansloeildusilo.fr\/index.php\/wp-json\/wp\/v2\/tribe_events\/1644\/revisions\/1896"}],"wp:attachment":[{"href":"https:\/\/www.dansloeildusilo.fr\/index.php\/wp-json\/wp\/v2\/media?parent=1644"}],"wp:term":[{"taxonomy":"post_tag","embeddable":true,"href":"https:\/\/www.dansloeildusilo.fr\/index.php\/wp-json\/wp\/v2\/tags?post=1644"},{"taxonomy":"tribe_events_cat","embeddable":true,"href":"https:\/\/www.dansloeildusilo.fr\/index.php\/wp-json\/wp\/v2\/tribe_events_cat?post=1644"}],"curies":[{"name":"wp","href":"https:\/\/api.w.org\/{rel}","templated":true}]}}