{"id":1137,"date":"2022-09-30T00:09:01","date_gmt":"2022-09-29T22:09:01","guid":{"rendered":"https:\/\/www.dansloeildusilo.fr\/?post_type=tribe_events&#038;p=1137"},"modified":"2022-11-09T17:25:48","modified_gmt":"2022-11-09T16:25:48","slug":"stage-dessin-avec-audrey-sirot","status":"publish","type":"tribe_events","link":"https:\/\/www.dansloeildusilo.fr\/index.php\/event\/stage-dessin-avec-audrey-sirot\/","title":{"rendered":"STAGE DESSIN avec Audrey SIROT"},"content":{"rendered":"<p><img fetchpriority=\"high\" decoding=\"async\" class=\"alignnone wp-image-1138\" src=\"http:\/\/www.dansloeildusilo.fr\/wp-content\/uploads\/2022\/09\/stage-dessin-audrey-sirot-e1664489114144-300x266.jpg\" alt=\"\" width=\"469\" height=\"416\" srcset=\"https:\/\/www.dansloeildusilo.fr\/wp-content\/uploads\/2022\/09\/stage-dessin-audrey-sirot-e1664489114144-300x266.jpg 300w, https:\/\/www.dansloeildusilo.fr\/wp-content\/uploads\/2022\/09\/stage-dessin-audrey-sirot-e1664489114144-1024x907.jpg 1024w, https:\/\/www.dansloeildusilo.fr\/wp-content\/uploads\/2022\/09\/stage-dessin-audrey-sirot-e1664489114144-768x680.jpg 768w, https:\/\/www.dansloeildusilo.fr\/wp-content\/uploads\/2022\/09\/stage-dessin-audrey-sirot-e1664489114144.jpg 1041w\" sizes=\"(max-width: 469px) 100vw, 469px\" \/><\/p>\n<p>&nbsp;<\/p>\n<div class=\"m8h3af8h l7ghb35v kjdc1dyq kmwttqpk gh25dzvf\"><span style=\"vertical-align: inherit;\"><span style=\"vertical-align: inherit;\">Audrey SIROT est la responsable des arts visuels au Silo, mais elle est avant tout une artiste ayant suivi des \u00e9tudes d&#8217;arts plastiques et de s\u00e9rigraphie, Audrey attache une grande importance \u00e0 transmettre des m\u00e9thodologies cr\u00e9atives en conscience avec les enjeux de notre plan\u00e8te. <\/span><\/span><br \/>\n<span style=\"vertical-align: inherit;\"><span style=\"vertical-align: inherit;\">Form\u00e9e en Art-th\u00e9rapie elle nous accompagne pour nous reconnecter \u00e0 nous-m\u00eame et faire le lien entre le corps et l&#8217;esprit.<\/span><\/span><\/div>\n<div class=\"l7ghb35v kjdc1dyq kmwttqpk gh25dzvf jikcssrz\"><span style=\"vertical-align: inherit;\"><span style=\"vertical-align: inherit;\">Audrey vous propose donc deux \u00e9tapes pour le mois d&#8217;octobre :<\/span><\/span><\/div>\n<div class=\"l7ghb35v kjdc1dyq kmwttqpk gh25dzvf jikcssrz\"><span style=\"vertical-align: inherit;\"><span style=\"vertical-align: inherit;\">* STAGE MANGA : pour enfants et adultes \u00e0 partir de 10 ans. <\/span><\/span><br \/>\n<span style=\"vertical-align: inherit;\"><span style=\"vertical-align: inherit;\">Deux apr\u00e8s-midi pendant les vacances scolaires le mardi 25 et mercredi 26 octobre de 14h \u00e0 17h<\/span><\/span><\/div>\n<div class=\"l7ghb35v kjdc1dyq kmwttqpk gh25dzvf jikcssrz\"><span style=\"vertical-align: inherit;\"><span style=\"vertical-align: inherit;\">* STAGE D&#8217;INITIATION A L&#8217;AQUARELLE pour adultes uniquement <\/span><\/span><br \/>\n<span style=\"vertical-align: inherit;\"><span style=\"vertical-align: inherit;\">le Jeudi 27 Octobre de 19h \u00e0 21h<\/span><\/span><\/div>\n","protected":false},"excerpt":{"rendered":"<p>&nbsp; Audrey SIROT est la responsable des arts visuels au Silo, mais elle est avant tout une artiste ayant suivi des \u00e9tudes d&#8217;arts plastiques et de s\u00e9rigraphie, Audrey attache une grande importance \u00e0 transmettre des m\u00e9thodologies cr\u00e9atives en conscience avec les enjeux de notre plan\u00e8te. Form\u00e9e en Art-th\u00e9rapie elle nous accompagne pour nous reconnecter \u00e0 nous-m\u00eame et faire le lien entre le corps et l&#8217;esprit. Audrey vous propose donc deux \u00e9tapes pour le mois d&#8217;octobre : * STAGE MANGA : pour enfants et adultes \u00e0 partir de 10 ans. Deux apr\u00e8s-midi pendant les vacances scolaires le mardi 25 et mercredi 26 octobre de 14h \u00e0 17h * STAGE D&#8217;INITIATION A L&#8217;AQUARELLE pour adultes uniquement le Jeudi 27 Octobre de 19h \u00e0 21h<\/p>\n","protected":false},"author":1,"featured_media":0,"template":"","meta":{"_tribe_events_status":"","_tribe_events_status_reason":"","footnotes":""},"tags":[],"tribe_events_cat":[],"class_list":["post-1137","tribe_events","type-tribe_events","status-publish","hentry"],"yoast_head":"<!-- This site is optimized with the Yoast SEO plugin v27.5 - https:\/\/yoast.com\/product\/yoast-seo-wordpress\/ -->\n<title>STAGE DESSIN avec Audrey SIROT - Dans l&#039;Oeil du Silo<\/title>\n<meta name=\"description\" content=\"Form\u00e9e en Art-th\u00e9rapie elle nous accompagne pour nous reconnecter \u00e0 nous-m\u00eame et faire le lien entre le corps et l&#039;esprit.\" \/>\n<meta name=\"robots\" content=\"index, follow, max-snippet:-1, max-image-preview:large, max-video-preview:-1\" \/>\n<link rel=\"canonical\" href=\"https:\/\/www.dansloeildusilo.fr\/index.php\/event\/stage-dessin-avec-audrey-sirot\/\" \/>\n<meta property=\"og:locale\" content=\"fr_FR\" \/>\n<meta property=\"og:type\" content=\"article\" \/>\n<meta property=\"og:title\" content=\"STAGE DESSIN avec Audrey SIROT - Dans l&#039;Oeil du Silo\" \/>\n<meta property=\"og:description\" content=\"Form\u00e9e en Art-th\u00e9rapie elle nous accompagne pour nous reconnecter \u00e0 nous-m\u00eame et faire le lien entre le corps et l&#039;esprit.\" \/>\n<meta property=\"og:url\" content=\"https:\/\/www.dansloeildusilo.fr\/index.php\/event\/stage-dessin-avec-audrey-sirot\/\" \/>\n<meta property=\"og:site_name\" content=\"Dans l&#039;Oeil du Silo\" \/>\n<meta property=\"article:publisher\" content=\"https:\/\/www.facebook.com\/dansloeildusilo\" \/>\n<meta property=\"article:modified_time\" content=\"2022-11-09T16:25:48+00:00\" \/>\n<meta property=\"og:image\" content=\"http:\/\/www.dansloeildusilo.fr\/wp-content\/uploads\/2022\/09\/stage-dessin-audrey-sirot-e1664489114144-300x266.jpg\" \/>\n<meta name=\"twitter:card\" content=\"summary_large_image\" \/>\n<meta name=\"twitter:label1\" content=\"Dur\u00e9e de lecture estim\u00e9e\" \/>\n\t<meta name=\"twitter:data1\" content=\"1 minute\" \/>\n<script type=\"application\/ld+json\" class=\"yoast-schema-graph\">{\"@context\":\"https:\\\/\\\/schema.org\",\"@graph\":[{\"@type\":\"WebPage\",\"@id\":\"https:\\\/\\\/www.dansloeildusilo.fr\\\/index.php\\\/event\\\/stage-dessin-avec-audrey-sirot\\\/\",\"url\":\"https:\\\/\\\/www.dansloeildusilo.fr\\\/index.php\\\/event\\\/stage-dessin-avec-audrey-sirot\\\/\",\"name\":\"STAGE DESSIN avec Audrey SIROT - Dans l&#039;Oeil du Silo\",\"isPartOf\":{\"@id\":\"https:\\\/\\\/www.dansloeildusilo.fr\\\/#website\"},\"primaryImageOfPage\":{\"@id\":\"https:\\\/\\\/www.dansloeildusilo.fr\\\/index.php\\\/event\\\/stage-dessin-avec-audrey-sirot\\\/#primaryimage\"},\"image\":{\"@id\":\"https:\\\/\\\/www.dansloeildusilo.fr\\\/index.php\\\/event\\\/stage-dessin-avec-audrey-sirot\\\/#primaryimage\"},\"thumbnailUrl\":\"http:\\\/\\\/www.dansloeildusilo.fr\\\/wp-content\\\/uploads\\\/2022\\\/09\\\/stage-dessin-audrey-sirot-e1664489114144-300x266.jpg\",\"datePublished\":\"2022-09-29T22:09:01+00:00\",\"dateModified\":\"2022-11-09T16:25:48+00:00\",\"description\":\"Form\u00e9e en Art-th\u00e9rapie elle nous accompagne pour nous reconnecter \u00e0 nous-m\u00eame et faire le lien entre le corps et l'esprit.\",\"breadcrumb\":{\"@id\":\"https:\\\/\\\/www.dansloeildusilo.fr\\\/index.php\\\/event\\\/stage-dessin-avec-audrey-sirot\\\/#breadcrumb\"},\"inLanguage\":\"fr-FR\",\"potentialAction\":[{\"@type\":\"ReadAction\",\"target\":[\"https:\\\/\\\/www.dansloeildusilo.fr\\\/index.php\\\/event\\\/stage-dessin-avec-audrey-sirot\\\/\"]}]},{\"@type\":\"ImageObject\",\"inLanguage\":\"fr-FR\",\"@id\":\"https:\\\/\\\/www.dansloeildusilo.fr\\\/index.php\\\/event\\\/stage-dessin-avec-audrey-sirot\\\/#primaryimage\",\"url\":\"http:\\\/\\\/www.dansloeildusilo.fr\\\/wp-content\\\/uploads\\\/2022\\\/09\\\/stage-dessin-audrey-sirot-e1664489114144-300x266.jpg\",\"contentUrl\":\"http:\\\/\\\/www.dansloeildusilo.fr\\\/wp-content\\\/uploads\\\/2022\\\/09\\\/stage-dessin-audrey-sirot-e1664489114144-300x266.jpg\"},{\"@type\":\"BreadcrumbList\",\"@id\":\"https:\\\/\\\/www.dansloeildusilo.fr\\\/index.php\\\/event\\\/stage-dessin-avec-audrey-sirot\\\/#breadcrumb\",\"itemListElement\":[{\"@type\":\"ListItem\",\"position\":1,\"name\":\"Accueil\",\"item\":\"https:\\\/\\\/www.dansloeildusilo.fr\\\/\"},{\"@type\":\"ListItem\",\"position\":2,\"name\":\"Events\",\"item\":\"https:\\\/\\\/www.dansloeildusilo.fr\\\/index.php\\\/events\\\/\"},{\"@type\":\"ListItem\",\"position\":3,\"name\":\"STAGE DESSIN avec Audrey SIROT\"}]},{\"@type\":\"WebSite\",\"@id\":\"https:\\\/\\\/www.dansloeildusilo.fr\\\/#website\",\"url\":\"https:\\\/\\\/www.dansloeildusilo.fr\\\/\",\"name\":\"DANS L\u0152IL DU SILO\",\"description\":\"Coop\u00e9rative Culturelle\",\"publisher\":{\"@id\":\"https:\\\/\\\/www.dansloeildusilo.fr\\\/#organization\"},\"potentialAction\":[{\"@type\":\"SearchAction\",\"target\":{\"@type\":\"EntryPoint\",\"urlTemplate\":\"https:\\\/\\\/www.dansloeildusilo.fr\\\/?s={search_term_string}\"},\"query-input\":{\"@type\":\"PropertyValueSpecification\",\"valueRequired\":true,\"valueName\":\"search_term_string\"}}],\"inLanguage\":\"fr-FR\"},{\"@type\":\"Organization\",\"@id\":\"https:\\\/\\\/www.dansloeildusilo.fr\\\/#organization\",\"name\":\"DANS L'\u0152IL DU SILO\",\"url\":\"https:\\\/\\\/www.dansloeildusilo.fr\\\/\",\"logo\":{\"@type\":\"ImageObject\",\"inLanguage\":\"fr-FR\",\"@id\":\"https:\\\/\\\/www.dansloeildusilo.fr\\\/#\\\/schema\\\/logo\\\/image\\\/\",\"url\":\"https:\\\/\\\/www.dansloeildusilo.fr\\\/wp-content\\\/uploads\\\/2022\\\/10\\\/oeil-silo-trans-1.png\",\"contentUrl\":\"https:\\\/\\\/www.dansloeildusilo.fr\\\/wp-content\\\/uploads\\\/2022\\\/10\\\/oeil-silo-trans-1.png\",\"width\":500,\"height\":500,\"caption\":\"DANS L'\u0152IL DU SILO\"},\"image\":{\"@id\":\"https:\\\/\\\/www.dansloeildusilo.fr\\\/#\\\/schema\\\/logo\\\/image\\\/\"},\"sameAs\":[\"https:\\\/\\\/www.facebook.com\\\/dansloeildusilo\",\"https:\\\/\\\/www.youtube.com\\\/channel\\\/UCVZ9Xc6sSsztMSiK5DFnrlA\",\"https:\\\/\\\/www.instagram.com\\\/dansloeildusilo\\\/\"]}]}<\/script>\n<!-- \/ Yoast SEO plugin. -->","yoast_head_json":{"title":"STAGE DESSIN avec Audrey SIROT - Dans l&#039;Oeil du Silo","description":"Form\u00e9e en Art-th\u00e9rapie elle nous accompagne pour nous reconnecter \u00e0 nous-m\u00eame et faire le lien entre le corps et l'esprit.","robots":{"index":"index","follow":"follow","max-snippet":"max-snippet:-1","max-image-preview":"max-image-preview:large","max-video-preview":"max-video-preview:-1"},"canonical":"https:\/\/www.dansloeildusilo.fr\/index.php\/event\/stage-dessin-avec-audrey-sirot\/","og_locale":"fr_FR","og_type":"article","og_title":"STAGE DESSIN avec Audrey SIROT - Dans l&#039;Oeil du Silo","og_description":"Form\u00e9e en Art-th\u00e9rapie elle nous accompagne pour nous reconnecter \u00e0 nous-m\u00eame et faire le lien entre le corps et l'esprit.","og_url":"https:\/\/www.dansloeildusilo.fr\/index.php\/event\/stage-dessin-avec-audrey-sirot\/","og_site_name":"Dans l&#039;Oeil du Silo","article_publisher":"https:\/\/www.facebook.com\/dansloeildusilo","article_modified_time":"2022-11-09T16:25:48+00:00","og_image":[{"url":"http:\/\/www.dansloeildusilo.fr\/wp-content\/uploads\/2022\/09\/stage-dessin-audrey-sirot-e1664489114144-300x266.jpg","type":"","width":"","height":""}],"twitter_card":"summary_large_image","twitter_misc":{"Dur\u00e9e de lecture estim\u00e9e":"1 minute"},"schema":{"@context":"https:\/\/schema.org","@graph":[{"@type":"WebPage","@id":"https:\/\/www.dansloeildusilo.fr\/index.php\/event\/stage-dessin-avec-audrey-sirot\/","url":"https:\/\/www.dansloeildusilo.fr\/index.php\/event\/stage-dessin-avec-audrey-sirot\/","name":"STAGE DESSIN avec Audrey SIROT - Dans l&#039;Oeil du Silo","isPartOf":{"@id":"https:\/\/www.dansloeildusilo.fr\/#website"},"primaryImageOfPage":{"@id":"https:\/\/www.dansloeildusilo.fr\/index.php\/event\/stage-dessin-avec-audrey-sirot\/#primaryimage"},"image":{"@id":"https:\/\/www.dansloeildusilo.fr\/index.php\/event\/stage-dessin-avec-audrey-sirot\/#primaryimage"},"thumbnailUrl":"http:\/\/www.dansloeildusilo.fr\/wp-content\/uploads\/2022\/09\/stage-dessin-audrey-sirot-e1664489114144-300x266.jpg","datePublished":"2022-09-29T22:09:01+00:00","dateModified":"2022-11-09T16:25:48+00:00","description":"Form\u00e9e en Art-th\u00e9rapie elle nous accompagne pour nous reconnecter \u00e0 nous-m\u00eame et faire le lien entre le corps et l'esprit.","breadcrumb":{"@id":"https:\/\/www.dansloeildusilo.fr\/index.php\/event\/stage-dessin-avec-audrey-sirot\/#breadcrumb"},"inLanguage":"fr-FR","potentialAction":[{"@type":"ReadAction","target":["https:\/\/www.dansloeildusilo.fr\/index.php\/event\/stage-dessin-avec-audrey-sirot\/"]}]},{"@type":"ImageObject","inLanguage":"fr-FR","@id":"https:\/\/www.dansloeildusilo.fr\/index.php\/event\/stage-dessin-avec-audrey-sirot\/#primaryimage","url":"http:\/\/www.dansloeildusilo.fr\/wp-content\/uploads\/2022\/09\/stage-dessin-audrey-sirot-e1664489114144-300x266.jpg","contentUrl":"http:\/\/www.dansloeildusilo.fr\/wp-content\/uploads\/2022\/09\/stage-dessin-audrey-sirot-e1664489114144-300x266.jpg"},{"@type":"BreadcrumbList","@id":"https:\/\/www.dansloeildusilo.fr\/index.php\/event\/stage-dessin-avec-audrey-sirot\/#breadcrumb","itemListElement":[{"@type":"ListItem","position":1,"name":"Accueil","item":"https:\/\/www.dansloeildusilo.fr\/"},{"@type":"ListItem","position":2,"name":"Events","item":"https:\/\/www.dansloeildusilo.fr\/index.php\/events\/"},{"@type":"ListItem","position":3,"name":"STAGE DESSIN avec Audrey SIROT"}]},{"@type":"WebSite","@id":"https:\/\/www.dansloeildusilo.fr\/#website","url":"https:\/\/www.dansloeildusilo.fr\/","name":"DANS L\u0152IL DU SILO","description":"Coop\u00e9rative Culturelle","publisher":{"@id":"https:\/\/www.dansloeildusilo.fr\/#organization"},"potentialAction":[{"@type":"SearchAction","target":{"@type":"EntryPoint","urlTemplate":"https:\/\/www.dansloeildusilo.fr\/?s={search_term_string}"},"query-input":{"@type":"PropertyValueSpecification","valueRequired":true,"valueName":"search_term_string"}}],"inLanguage":"fr-FR"},{"@type":"Organization","@id":"https:\/\/www.dansloeildusilo.fr\/#organization","name":"DANS L'\u0152IL DU SILO","url":"https:\/\/www.dansloeildusilo.fr\/","logo":{"@type":"ImageObject","inLanguage":"fr-FR","@id":"https:\/\/www.dansloeildusilo.fr\/#\/schema\/logo\/image\/","url":"https:\/\/www.dansloeildusilo.fr\/wp-content\/uploads\/2022\/10\/oeil-silo-trans-1.png","contentUrl":"https:\/\/www.dansloeildusilo.fr\/wp-content\/uploads\/2022\/10\/oeil-silo-trans-1.png","width":500,"height":500,"caption":"DANS L'\u0152IL DU SILO"},"image":{"@id":"https:\/\/www.dansloeildusilo.fr\/#\/schema\/logo\/image\/"},"sameAs":["https:\/\/www.facebook.com\/dansloeildusilo","https:\/\/www.youtube.com\/channel\/UCVZ9Xc6sSsztMSiK5DFnrlA","https:\/\/www.instagram.com\/dansloeildusilo\/"]}]}},"_links":{"self":[{"href":"https:\/\/www.dansloeildusilo.fr\/index.php\/wp-json\/wp\/v2\/tribe_events\/1137","targetHints":{"allow":["GET"]}}],"collection":[{"href":"https:\/\/www.dansloeildusilo.fr\/index.php\/wp-json\/wp\/v2\/tribe_events"}],"about":[{"href":"https:\/\/www.dansloeildusilo.fr\/index.php\/wp-json\/wp\/v2\/types\/tribe_events"}],"author":[{"embeddable":true,"href":"https:\/\/www.dansloeildusilo.fr\/index.php\/wp-json\/wp\/v2\/users\/1"}],"version-history":[{"count":2,"href":"https:\/\/www.dansloeildusilo.fr\/index.php\/wp-json\/wp\/v2\/tribe_events\/1137\/revisions"}],"predecessor-version":[{"id":1687,"href":"https:\/\/www.dansloeildusilo.fr\/index.php\/wp-json\/wp\/v2\/tribe_events\/1137\/revisions\/1687"}],"wp:attachment":[{"href":"https:\/\/www.dansloeildusilo.fr\/index.php\/wp-json\/wp\/v2\/media?parent=1137"}],"wp:term":[{"taxonomy":"post_tag","embeddable":true,"href":"https:\/\/www.dansloeildusilo.fr\/index.php\/wp-json\/wp\/v2\/tags?post=1137"},{"taxonomy":"tribe_events_cat","embeddable":true,"href":"https:\/\/www.dansloeildusilo.fr\/index.php\/wp-json\/wp\/v2\/tribe_events_cat?post=1137"}],"curies":[{"name":"wp","href":"https:\/\/api.w.org\/{rel}","templated":true}]}}